{"id":255,"date":"2019-10-11T16:45:59","date_gmt":"2019-10-11T19:45:59","guid":{"rendered":"http:\/\/localhost\/GDL\/wordpress\/?post_type=timeline&#038;p=255"},"modified":"2020-12-04T11:39:43","modified_gmt":"2020-12-04T13:39:43","slug":"2000","status":"publish","type":"timeline","link":"https:\/\/goldeletra.org.br\/en\/timeline\/2000\/","title":{"rendered":"2000"},"content":{"rendered":"\n<p>Implementation of The Face of the Neighbourhood Project (presently, Youth Program) in S\u00e3o Paulo, with art and communication workshops to young people. It took place during the First Meeting on Citizenship and Human Rights.<\/p>\n","protected":false},"featured_media":0,"template":"","class_list":["post-255","timeline","type-timeline","status-publish","hentry"],"yoast_head":"<!-- This site is optimized with the Yoast SEO plugin v26.6 - https:\/\/yoast.com\/wordpress\/plugins\/seo\/ -->\n<title>2000<\/title>\n<meta name=\"robots\" content=\"index, follow, max-snippet:-1, max-image-preview:large, max-video-preview:-1\" \/>\n<link rel=\"canonical\" href=\"https:\/\/goldeletra.org.br\/en\/timeline\/2000\/\" \/>\n<meta property=\"og:locale\" content=\"en_US\" \/>\n<meta property=\"og:locale:alternate\" content=\"pt_BR\" \/>\n<meta property=\"og:locale:alternate\" content=\"fr\" \/>\n<meta property=\"og:type\" content=\"article\" \/>\n<meta property=\"og:title\" content=\"2000\" \/>\n<meta property=\"og:description\" content=\"Implementation of The Face of the Neighbourhood Project (presently, Youth Program) in S\u00e3o Paulo, with art and communication workshops to young people. It took place during the First Meeting on Citizenship and Human Rights.\" \/>\n<meta property=\"og:url\" content=\"https:\/\/goldeletra.org.br\/en\/timeline\/2000\/\" \/>\n<meta property=\"og:site_name\" content=\"Funda\u00e7\u00e3o Gol de Letra\" \/>\n<meta property=\"article:publisher\" content=\"https:\/\/www.facebook.com\/FundacaoGolDeLetra\" \/>\n<meta property=\"article:modified_time\" content=\"2020-12-04T13:39:43+00:00\" \/>\n<meta name=\"twitter:card\" content=\"summary_large_image\" \/>\n<meta name=\"twitter:label1\" content=\"Est. reading time\" \/>\n\t<meta name=\"twitter:data1\" content=\"1 minute\" \/>\n<script type=\"application\/ld+json\" class=\"yoast-schema-graph\">{\"@context\":\"https:\/\/schema.org\",\"@graph\":[{\"@type\":\"WebPage\",\"@id\":\"https:\/\/goldeletra.org.br\/timeline\/2000\/\",\"url\":\"https:\/\/goldeletra.org.br\/timeline\/2000\/\",\"name\":\"2000\",\"isPartOf\":{\"@id\":\"https:\/\/goldeletra.org.br\/#website\"},\"datePublished\":\"2019-10-11T19:45:59+00:00\",\"dateModified\":\"2020-12-04T13:39:43+00:00\",\"breadcrumb\":{\"@id\":\"https:\/\/goldeletra.org.br\/timeline\/2000\/#breadcrumb\"},\"inLanguage\":\"en-US\",\"potentialAction\":[{\"@type\":\"ReadAction\",\"target\":[\"https:\/\/goldeletra.org.br\/timeline\/2000\/\"]}]},{\"@type\":\"BreadcrumbList\",\"@id\":\"https:\/\/goldeletra.org.br\/timeline\/2000\/#breadcrumb\",\"itemListElement\":[{\"@type\":\"ListItem\",\"position\":1,\"name\":\"Home\",\"item\":\"https:\/\/goldeletra.org.br\/\"},{\"@type\":\"ListItem\",\"position\":2,\"name\":\"2000\"}]},{\"@type\":\"WebSite\",\"@id\":\"https:\/\/goldeletra.org.br\/#website\",\"url\":\"https:\/\/goldeletra.org.br\/\",\"name\":\"Funda\u00e7\u00e3o Gol de Letra\",\"description\":\"Organiza\u00e7\u00e3o sem fins lucrativos que contribui com a educa\u00e7\u00e3o de crian\u00e7as e jovens de comunidades populares para que tenham mais perspectivas de vida.\",\"publisher\":{\"@id\":\"https:\/\/goldeletra.org.br\/#organization\"},\"potentialAction\":[{\"@type\":\"SearchAction\",\"target\":{\"@type\":\"EntryPoint\",\"urlTemplate\":\"https:\/\/goldeletra.org.br\/?s={search_term_string}\"},\"query-input\":{\"@type\":\"PropertyValueSpecification\",\"valueRequired\":true,\"valueName\":\"search_term_string\"}}],\"inLanguage\":\"en-US\"},{\"@type\":\"Organization\",\"@id\":\"https:\/\/goldeletra.org.br\/#organization\",\"name\":\"Funda\u00e7\u00e3o Gol de Letra\",\"url\":\"https:\/\/goldeletra.org.br\/\",\"logo\":{\"@type\":\"ImageObject\",\"inLanguage\":\"en-US\",\"@id\":\"https:\/\/goldeletra.org.br\/#\/schema\/logo\/image\/\",\"url\":\"https:\/\/goldeletra.org.br\/wp-content\/uploads\/2020\/01\/logo.svg\",\"contentUrl\":\"https:\/\/goldeletra.org.br\/wp-content\/uploads\/2020\/01\/logo.svg\",\"caption\":\"Funda\u00e7\u00e3o Gol de Letra\"},\"image\":{\"@id\":\"https:\/\/goldeletra.org.br\/#\/schema\/logo\/image\/\"},\"sameAs\":[\"https:\/\/www.facebook.com\/FundacaoGolDeLetra\",\"https:\/\/www.instagram.com\/goldeletrabr\/\"]}]}<\/script>\n<!-- \/ Yoast SEO plugin. -->","yoast_head_json":{"title":"2000","robots":{"index":"index","follow":"follow","max-snippet":"max-snippet:-1","max-image-preview":"max-image-preview:large","max-video-preview":"max-video-preview:-1"},"canonical":"https:\/\/goldeletra.org.br\/en\/timeline\/2000\/","og_locale":"en_US","og_type":"article","og_title":"[:en]2000[:pt]2000[:] - Funda\u00e7\u00e3o Gol de Letra","og_description":"Implementation of The Face of the Neighbourhood Project (presently, Youth Program) in S\u00e3o Paulo, with art and communication workshops to young people. It took place during the First Meeting on Citizenship and Human Rights.","og_url":"https:\/\/goldeletra.org.br\/en\/timeline\/2000\/","og_site_name":"Funda\u00e7\u00e3o Gol de Letra","article_publisher":"https:\/\/www.facebook.com\/FundacaoGolDeLetra","article_modified_time":"2020-12-04T13:39:43+00:00","twitter_card":"summary_large_image","twitter_misc":{"Est. reading time":"1 minute"},"schema":{"@context":"https:\/\/schema.org","@graph":[{"@type":"WebPage","@id":"https:\/\/goldeletra.org.br\/timeline\/2000\/","url":"https:\/\/goldeletra.org.br\/timeline\/2000\/","name":"2000","isPartOf":{"@id":"https:\/\/goldeletra.org.br\/#website"},"datePublished":"2019-10-11T19:45:59+00:00","dateModified":"2020-12-04T13:39:43+00:00","breadcrumb":{"@id":"https:\/\/goldeletra.org.br\/timeline\/2000\/#breadcrumb"},"inLanguage":"en-US","potentialAction":[{"@type":"ReadAction","target":["https:\/\/goldeletra.org.br\/timeline\/2000\/"]}]},{"@type":"BreadcrumbList","@id":"https:\/\/goldeletra.org.br\/timeline\/2000\/#breadcrumb","itemListElement":[{"@type":"ListItem","position":1,"name":"Home","item":"https:\/\/goldeletra.org.br\/"},{"@type":"ListItem","position":2,"name":"2000"}]},{"@type":"WebSite","@id":"https:\/\/goldeletra.org.br\/#website","url":"https:\/\/goldeletra.org.br\/","name":"Funda\u00e7\u00e3o Gol de Letra","description":"Organiza\u00e7\u00e3o sem fins lucrativos que contribui com a educa\u00e7\u00e3o de crian\u00e7as e jovens de comunidades populares para que tenham mais perspectivas de vida.","publisher":{"@id":"https:\/\/goldeletra.org.br\/#organization"},"potentialAction":[{"@type":"SearchAction","target":{"@type":"EntryPoint","urlTemplate":"https:\/\/goldeletra.org.br\/?s={search_term_string}"},"query-input":{"@type":"PropertyValueSpecification","valueRequired":true,"valueName":"search_term_string"}}],"inLanguage":"en-US"},{"@type":"Organization","@id":"https:\/\/goldeletra.org.br\/#organization","name":"Funda\u00e7\u00e3o Gol de Letra","url":"https:\/\/goldeletra.org.br\/","logo":{"@type":"ImageObject","inLanguage":"en-US","@id":"https:\/\/goldeletra.org.br\/#\/schema\/logo\/image\/","url":"https:\/\/goldeletra.org.br\/wp-content\/uploads\/2020\/01\/logo.svg","contentUrl":"https:\/\/goldeletra.org.br\/wp-content\/uploads\/2020\/01\/logo.svg","caption":"Funda\u00e7\u00e3o Gol de Letra"},"image":{"@id":"https:\/\/goldeletra.org.br\/#\/schema\/logo\/image\/"},"sameAs":["https:\/\/www.facebook.com\/FundacaoGolDeLetra","https:\/\/www.instagram.com\/goldeletrabr\/"]}]}},"_links":{"self":[{"href":"https:\/\/goldeletra.org.br\/en\/wp-json\/wp\/v2\/timeline\/255","targetHints":{"allow":["GET"]}}],"collection":[{"href":"https:\/\/goldeletra.org.br\/en\/wp-json\/wp\/v2\/timeline"}],"about":[{"href":"https:\/\/goldeletra.org.br\/en\/wp-json\/wp\/v2\/types\/timeline"}],"wp:attachment":[{"href":"https:\/\/goldeletra.org.br\/en\/wp-json\/wp\/v2\/media?parent=255"}],"curies":[{"name":"wp","href":"https:\/\/api.w.org\/{rel}","templated":true}]}}