{"id":267,"date":"2019-10-11T17:16:16","date_gmt":"2019-10-11T20:16:16","guid":{"rendered":"http:\/\/localhost\/GDL\/wordpress\/?post_type=timeline&#038;p=267"},"modified":"2020-12-04T11:57:52","modified_gmt":"2020-12-04T13:57:52","slug":"2012","status":"publish","type":"timeline","link":"https:\/\/goldeletra.org.br\/en\/timeline\/2012\/","title":{"rendered":"2012"},"content":{"rendered":"\n<p> Dissemination is implemented in S\u00e3o Paulo (SP), Rio de Janeiro (RJ), Belo Horizonte (MG), Salvador (BA) and Porto Alegre (RS), with the Ginga Social Project. <\/p>\n\n\n\n<p> Launching of the book &#8220;Virando o Jogo &#8211; uma experiencia da Gol de Letra com Educa\u00e7\u00e3o Integral&#8221;, the experience of Gol de Letra with integral education, and the practices of Virando o Jogo Project. <\/p>\n\n\n\n<p> Ten years of interexchange with the French Organization named Sport Dans La Ville. <\/p>\n\n\n\n<p> Ra\u00ed receives the prize &#8220;Personality of the Year France-Brazil&#8221;, awarded by the French-Brazilian Chamber of Commerce. <\/p>\n\n\n\n<p> Golden Initiative Award &#8211; ESPN Estad\u00e3o Radio Station. <\/p>\n\n\n\n<p> Laureus Award &#8211; &#8216;Sports for Good&#8217;, considered the world&#8217;s sports Oscar. <\/p>\n\n\n\n<p> Beginning of the first team of the Sports Monitor Technical Course at Centro Paula Souza (S\u00e3o Paulo State Government); a partnership with Gol de Letra. <\/p>\n","protected":false},"featured_media":2296,"template":"","class_list":["post-267","timeline","type-timeline","status-publish","has-post-thumbnail","hentry"],"yoast_head":"<!-- This site is optimized with the Yoast SEO plugin v26.6 - https:\/\/yoast.com\/wordpress\/plugins\/seo\/ -->\n<title>2012<\/title>\n<meta name=\"robots\" content=\"index, follow, max-snippet:-1, max-image-preview:large, max-video-preview:-1\" \/>\n<link rel=\"canonical\" href=\"https:\/\/goldeletra.org.br\/en\/timeline\/2012\/\" \/>\n<meta property=\"og:locale\" content=\"en_US\" \/>\n<meta property=\"og:locale:alternate\" content=\"pt_BR\" \/>\n<meta property=\"og:locale:alternate\" content=\"fr\" \/>\n<meta property=\"og:type\" content=\"article\" \/>\n<meta property=\"og:title\" content=\"2012\" \/>\n<meta property=\"og:description\" content=\"Dissemination is implemented in S\u00e3o Paulo (SP), Rio de Janeiro (RJ), Belo Horizonte (MG), Salvador (BA) and Porto Alegre (RS), with the Ginga Social Project. Launching of the book &#8220;Virando o Jogo &#8211; uma experiencia da Gol de Letra com Educa\u00e7\u00e3o Integral&#8221;, the experience of Gol de Letra with integral education, and the practices of [&hellip;]\" \/>\n<meta property=\"og:url\" content=\"https:\/\/goldeletra.org.br\/en\/timeline\/2012\/\" \/>\n<meta property=\"og:site_name\" content=\"Funda\u00e7\u00e3o Gol de Letra\" \/>\n<meta property=\"article:publisher\" content=\"https:\/\/www.facebook.com\/FundacaoGolDeLetra\" \/>\n<meta property=\"article:modified_time\" content=\"2020-12-04T13:57:52+00:00\" \/>\n<meta property=\"og:image\" content=\"https:\/\/goldeletra.org.br\/wp-content\/uploads\/2019\/10\/2012_DISSEMINACAO-1.jpg\" \/>\n\t<meta property=\"og:image:width\" content=\"1280\" \/>\n\t<meta property=\"og:image:height\" content=\"960\" \/>\n\t<meta property=\"og:image:type\" content=\"image\/jpeg\" \/>\n<meta name=\"twitter:card\" content=\"summary_large_image\" \/>\n<meta name=\"twitter:label1\" content=\"Est. reading time\" \/>\n\t<meta name=\"twitter:data1\" content=\"2 minutes\" \/>\n<script type=\"application\/ld+json\" class=\"yoast-schema-graph\">{\"@context\":\"https:\/\/schema.org\",\"@graph\":[{\"@type\":\"WebPage\",\"@id\":\"https:\/\/goldeletra.org.br\/timeline\/2012\/\",\"url\":\"https:\/\/goldeletra.org.br\/timeline\/2012\/\",\"name\":\"2012\",\"isPartOf\":{\"@id\":\"https:\/\/goldeletra.org.br\/#website\"},\"primaryImageOfPage\":{\"@id\":\"https:\/\/goldeletra.org.br\/timeline\/2012\/#primaryimage\"},\"image\":{\"@id\":\"https:\/\/goldeletra.org.br\/timeline\/2012\/#primaryimage\"},\"thumbnailUrl\":\"https:\/\/goldeletra.org.br\/wp-content\/uploads\/2019\/10\/2012_DISSEMINACAO-1.jpg\",\"datePublished\":\"2019-10-11T20:16:16+00:00\",\"dateModified\":\"2020-12-04T13:57:52+00:00\",\"breadcrumb\":{\"@id\":\"https:\/\/goldeletra.org.br\/timeline\/2012\/#breadcrumb\"},\"inLanguage\":\"en-US\",\"potentialAction\":[{\"@type\":\"ReadAction\",\"target\":[\"https:\/\/goldeletra.org.br\/timeline\/2012\/\"]}]},{\"@type\":\"ImageObject\",\"inLanguage\":\"en-US\",\"@id\":\"https:\/\/goldeletra.org.br\/timeline\/2012\/#primaryimage\",\"url\":\"https:\/\/goldeletra.org.br\/wp-content\/uploads\/2019\/10\/2012_DISSEMINACAO-1.jpg\",\"contentUrl\":\"https:\/\/goldeletra.org.br\/wp-content\/uploads\/2019\/10\/2012_DISSEMINACAO-1.jpg\",\"width\":1280,\"height\":960},{\"@type\":\"BreadcrumbList\",\"@id\":\"https:\/\/goldeletra.org.br\/timeline\/2012\/#breadcrumb\",\"itemListElement\":[{\"@type\":\"ListItem\",\"position\":1,\"name\":\"Home\",\"item\":\"https:\/\/goldeletra.org.br\/\"},{\"@type\":\"ListItem\",\"position\":2,\"name\":\"2012\"}]},{\"@type\":\"WebSite\",\"@id\":\"https:\/\/goldeletra.org.br\/#website\",\"url\":\"https:\/\/goldeletra.org.br\/\",\"name\":\"Funda\u00e7\u00e3o Gol de Letra\",\"description\":\"Organiza\u00e7\u00e3o sem fins lucrativos que contribui com a educa\u00e7\u00e3o de crian\u00e7as e jovens de comunidades populares para que tenham mais perspectivas de vida.\",\"publisher\":{\"@id\":\"https:\/\/goldeletra.org.br\/#organization\"},\"potentialAction\":[{\"@type\":\"SearchAction\",\"target\":{\"@type\":\"EntryPoint\",\"urlTemplate\":\"https:\/\/goldeletra.org.br\/?s={search_term_string}\"},\"query-input\":{\"@type\":\"PropertyValueSpecification\",\"valueRequired\":true,\"valueName\":\"search_term_string\"}}],\"inLanguage\":\"en-US\"},{\"@type\":\"Organization\",\"@id\":\"https:\/\/goldeletra.org.br\/#organization\",\"name\":\"Funda\u00e7\u00e3o Gol de Letra\",\"url\":\"https:\/\/goldeletra.org.br\/\",\"logo\":{\"@type\":\"ImageObject\",\"inLanguage\":\"en-US\",\"@id\":\"https:\/\/goldeletra.org.br\/#\/schema\/logo\/image\/\",\"url\":\"https:\/\/goldeletra.org.br\/wp-content\/uploads\/2020\/01\/logo.svg\",\"contentUrl\":\"https:\/\/goldeletra.org.br\/wp-content\/uploads\/2020\/01\/logo.svg\",\"caption\":\"Funda\u00e7\u00e3o Gol de Letra\"},\"image\":{\"@id\":\"https:\/\/goldeletra.org.br\/#\/schema\/logo\/image\/\"},\"sameAs\":[\"https:\/\/www.facebook.com\/FundacaoGolDeLetra\",\"https:\/\/www.instagram.com\/goldeletrabr\/\"]}]}<\/script>\n<!-- \/ Yoast SEO plugin. -->","yoast_head_json":{"title":"2012","robots":{"index":"index","follow":"follow","max-snippet":"max-snippet:-1","max-image-preview":"max-image-preview:large","max-video-preview":"max-video-preview:-1"},"canonical":"https:\/\/goldeletra.org.br\/en\/timeline\/2012\/","og_locale":"en_US","og_type":"article","og_title":"[:en]2012[:pt]2012[:] - Funda\u00e7\u00e3o Gol de Letra","og_description":"Dissemination is implemented in S\u00e3o Paulo (SP), Rio de Janeiro (RJ), Belo Horizonte (MG), Salvador (BA) and Porto Alegre (RS), with the Ginga Social Project. Launching of the book &#8220;Virando o Jogo &#8211; uma experiencia da Gol de Letra com Educa\u00e7\u00e3o Integral&#8221;, the experience of Gol de Letra with integral education, and the practices of [&hellip;]","og_url":"https:\/\/goldeletra.org.br\/en\/timeline\/2012\/","og_site_name":"Funda\u00e7\u00e3o Gol de Letra","article_publisher":"https:\/\/www.facebook.com\/FundacaoGolDeLetra","article_modified_time":"2020-12-04T13:57:52+00:00","og_image":[{"width":1280,"height":960,"url":"https:\/\/goldeletra.org.br\/wp-content\/uploads\/2019\/10\/2012_DISSEMINACAO-1.jpg","type":"image\/jpeg"}],"twitter_card":"summary_large_image","twitter_misc":{"Est. reading time":"2 minutes"},"schema":{"@context":"https:\/\/schema.org","@graph":[{"@type":"WebPage","@id":"https:\/\/goldeletra.org.br\/timeline\/2012\/","url":"https:\/\/goldeletra.org.br\/timeline\/2012\/","name":"2012","isPartOf":{"@id":"https:\/\/goldeletra.org.br\/#website"},"primaryImageOfPage":{"@id":"https:\/\/goldeletra.org.br\/timeline\/2012\/#primaryimage"},"image":{"@id":"https:\/\/goldeletra.org.br\/timeline\/2012\/#primaryimage"},"thumbnailUrl":"https:\/\/goldeletra.org.br\/wp-content\/uploads\/2019\/10\/2012_DISSEMINACAO-1.jpg","datePublished":"2019-10-11T20:16:16+00:00","dateModified":"2020-12-04T13:57:52+00:00","breadcrumb":{"@id":"https:\/\/goldeletra.org.br\/timeline\/2012\/#breadcrumb"},"inLanguage":"en-US","potentialAction":[{"@type":"ReadAction","target":["https:\/\/goldeletra.org.br\/timeline\/2012\/"]}]},{"@type":"ImageObject","inLanguage":"en-US","@id":"https:\/\/goldeletra.org.br\/timeline\/2012\/#primaryimage","url":"https:\/\/goldeletra.org.br\/wp-content\/uploads\/2019\/10\/2012_DISSEMINACAO-1.jpg","contentUrl":"https:\/\/goldeletra.org.br\/wp-content\/uploads\/2019\/10\/2012_DISSEMINACAO-1.jpg","width":1280,"height":960},{"@type":"BreadcrumbList","@id":"https:\/\/goldeletra.org.br\/timeline\/2012\/#breadcrumb","itemListElement":[{"@type":"ListItem","position":1,"name":"Home","item":"https:\/\/goldeletra.org.br\/"},{"@type":"ListItem","position":2,"name":"2012"}]},{"@type":"WebSite","@id":"https:\/\/goldeletra.org.br\/#website","url":"https:\/\/goldeletra.org.br\/","name":"Funda\u00e7\u00e3o Gol de Letra","description":"Organiza\u00e7\u00e3o sem fins lucrativos que contribui com a educa\u00e7\u00e3o de crian\u00e7as e jovens de comunidades populares para que tenham mais perspectivas de vida.","publisher":{"@id":"https:\/\/goldeletra.org.br\/#organization"},"potentialAction":[{"@type":"SearchAction","target":{"@type":"EntryPoint","urlTemplate":"https:\/\/goldeletra.org.br\/?s={search_term_string}"},"query-input":{"@type":"PropertyValueSpecification","valueRequired":true,"valueName":"search_term_string"}}],"inLanguage":"en-US"},{"@type":"Organization","@id":"https:\/\/goldeletra.org.br\/#organization","name":"Funda\u00e7\u00e3o Gol de Letra","url":"https:\/\/goldeletra.org.br\/","logo":{"@type":"ImageObject","inLanguage":"en-US","@id":"https:\/\/goldeletra.org.br\/#\/schema\/logo\/image\/","url":"https:\/\/goldeletra.org.br\/wp-content\/uploads\/2020\/01\/logo.svg","contentUrl":"https:\/\/goldeletra.org.br\/wp-content\/uploads\/2020\/01\/logo.svg","caption":"Funda\u00e7\u00e3o Gol de Letra"},"image":{"@id":"https:\/\/goldeletra.org.br\/#\/schema\/logo\/image\/"},"sameAs":["https:\/\/www.facebook.com\/FundacaoGolDeLetra","https:\/\/www.instagram.com\/goldeletrabr\/"]}]}},"_links":{"self":[{"href":"https:\/\/goldeletra.org.br\/en\/wp-json\/wp\/v2\/timeline\/267","targetHints":{"allow":["GET"]}}],"collection":[{"href":"https:\/\/goldeletra.org.br\/en\/wp-json\/wp\/v2\/timeline"}],"about":[{"href":"https:\/\/goldeletra.org.br\/en\/wp-json\/wp\/v2\/types\/timeline"}],"wp:featuredmedia":[{"embeddable":true,"href":"https:\/\/goldeletra.org.br\/en\/wp-json\/wp\/v2\/media\/2296"}],"wp:attachment":[{"href":"https:\/\/goldeletra.org.br\/en\/wp-json\/wp\/v2\/media?parent=267"}],"curies":[{"name":"wp","href":"https:\/\/api.w.org\/{rel}","templated":true}]}}