{"version":"1.0","provider_name":"Funda\u00e7\u00e3o Gol de Letra","provider_url":"https:\/\/goldeletra.org.br\/fr","author_name":"Marcella Alves","author_url":"https:\/\/goldeletra.org.br\/fr\/author\/comunicacaorj\/","title":"[:en]CORPORATE TOURNAMENT[:pt]Nota Fiscal Paulista[:fr]TOURNOIS DES ENTREPRISES[:] - Funda\u00e7\u00e3o Gol de Letra","type":"rich","width":600,"height":338,"html":"<blockquote class=\"wp-embedded-content\" data-secret=\"s8KwHmke6I\"><a href=\"https:\/\/goldeletra.org.br\/fr\/campanha\/torneio-corporativo\/\">TOURNOIS DES ENTREPRISES<\/a><\/blockquote><iframe sandbox=\"allow-scripts\" security=\"restricted\" src=\"https:\/\/goldeletra.org.br\/fr\/campanha\/torneio-corporativo\/embed\/#?secret=s8KwHmke6I\" width=\"600\" height=\"338\" title=\"\u00ab\u00a0TOURNOIS DES ENTREPRISES\u00a0\u00bb &#8212; Funda\u00e7\u00e3o Gol de Letra\" data-secret=\"s8KwHmke6I\" frameborder=\"0\" marginwidth=\"0\" marginheight=\"0\" scrolling=\"no\" class=\"wp-embedded-content\"><\/iframe><script type=\"text\/javascript\">\n\/* <![CDATA[ *\/\n\/*! This file is auto-generated *\/\n!function(d,l){\"use strict\";l.querySelector&&d.addEventListener&&\"undefined\"!=typeof URL&&(d.wp=d.wp||{},d.wp.receiveEmbedMessage||(d.wp.receiveEmbedMessage=function(e){var t=e.data;if((t||t.secret||t.message||t.value)&&!\/[^a-zA-Z0-9]\/.test(t.secret)){for(var s,r,n,a=l.querySelectorAll('iframe[data-secret=\"'+t.secret+'\"]'),o=l.querySelectorAll('blockquote[data-secret=\"'+t.secret+'\"]'),c=new RegExp(\"^https?:$\",\"i\"),i=0;i<o.length;i++)o[i].style.display=\"none\";for(i=0;i<a.length;i++)s=a[i],e.source===s.contentWindow&&(s.removeAttribute(\"style\"),\"height\"===t.message?(1e3<(r=parseInt(t.value,10))?r=1e3:~~r<200&&(r=200),s.height=r):\"link\"===t.message&&(r=new URL(s.getAttribute(\"src\")),n=new URL(t.value),c.test(n.protocol))&&n.host===r.host&&l.activeElement===s&&(d.top.location.href=t.value))}},d.addEventListener(\"message\",d.wp.receiveEmbedMessage,!1),l.addEventListener(\"DOMContentLoaded\",function(){for(var e,t,s=l.querySelectorAll(\"iframe.wp-embedded-content\"),r=0;r<s.length;r++)(t=(e=s[r]).getAttribute(\"data-secret\"))||(t=Math.random().toString(36).substring(2,12),e.src+=\"#?secret=\"+t,e.setAttribute(\"data-secret\",t)),e.contentWindow.postMessage({message:\"ready\",secret:t},\"*\")},!1)))}(window,document);\n\/* ]]> *\/\n<\/script>\n","description":"L&rsquo;\u00e9v\u00e9nement est n\u00e9 de l&rsquo;id\u00e9e de lever des fonds tout en encourageant la pratique sportive et en favorisant l&rsquo;int\u00e9gration des collaborateurs dans les entreprises participantes. La participation financi\u00e8re de chaque entreprise sert \u00e0 assurer les projets de la Fondation. Les entreprises participantes vivent ainsi des moments uniques et forts en \u00e9motions. Cliquez ici pour plus [&hellip;]"}