{"id":59,"date":"2019-09-09T13:43:09","date_gmt":"2019-09-09T16:43:09","guid":{"rendered":"http:\/\/localhost\/GDL\/wordpress\/?post_type=depoimento&#038;p=59"},"modified":"2019-12-06T15:20:00","modified_gmt":"2019-12-06T17:20:00","slug":"crislaine-lima-coordenadora-projeto-sociopedagogico-rj","status":"publish","type":"depoimento","link":"https:\/\/goldeletra.org.br\/fr\/depoimento\/crislaine-lima-coordenadora-projeto-sociopedagogico-rj\/","title":{"rendered":"Crislaine Lima, coordinatrice du projet socio-p\u00e9dagogique RJ"},"content":{"rendered":"\n<p> \u00ab\u00a0Travailler avec Gol de Letra est tr\u00e8s stimulant! Nous devons travailler s\u00e9rieusement, tous les jours, pour mettre en place les actions et plans pour rendre les autres personnes heureuses et promouvoir une vie meilleure!\u00a0\u00bb <\/p>\n","protected":false},"featured_media":43,"template":"","class_list":["post-59","depoimento","type-depoimento","status-publish","has-post-thumbnail","hentry"],"yoast_head":"<!-- This site is optimized with the Yoast SEO plugin v26.6 - https:\/\/yoast.com\/wordpress\/plugins\/seo\/ -->\n<title>Crislaine Lima, coordinatrice du projet socio-p\u00e9dagogique RJ<\/title>\n<meta name=\"robots\" content=\"index, follow, max-snippet:-1, max-image-preview:large, max-video-preview:-1\" \/>\n<link rel=\"canonical\" href=\"https:\/\/goldeletra.org.br\/fr\/depoimento\/crislaine-lima-coordenadora-projeto-sociopedagogico-rj\/\" \/>\n<meta property=\"og:locale\" content=\"fr_FR\" \/>\n<meta property=\"og:locale:alternate\" content=\"en_US\" \/>\n<meta property=\"og:locale:alternate\" content=\"pt_BR\" \/>\n<meta property=\"og:type\" content=\"article\" \/>\n<meta property=\"og:title\" content=\"Crislaine Lima, coordinatrice du projet socio-p\u00e9dagogique RJ\" \/>\n<meta property=\"og:description\" content=\"\u00ab\u00a0Travailler avec Gol de Letra est tr\u00e8s stimulant! Nous devons travailler s\u00e9rieusement, tous les jours, pour mettre en place les actions et plans pour rendre les autres personnes heureuses et promouvoir une vie meilleure!\u00a0\u00bb\" \/>\n<meta property=\"og:url\" content=\"https:\/\/goldeletra.org.br\/fr\/depoimento\/crislaine-lima-coordenadora-projeto-sociopedagogico-rj\/\" \/>\n<meta property=\"og:site_name\" content=\"Funda\u00e7\u00e3o Gol de Letra\" \/>\n<meta property=\"article:publisher\" content=\"https:\/\/www.facebook.com\/FundacaoGolDeLetra\" \/>\n<meta property=\"article:modified_time\" content=\"2019-12-06T17:20:00+00:00\" \/>\n<meta property=\"og:image\" content=\"https:\/\/goldeletra.org.br\/wp-content\/uploads\/2019\/09\/crislaine.jpg\" \/>\n\t<meta property=\"og:image:width\" content=\"550\" \/>\n\t<meta property=\"og:image:height\" content=\"367\" \/>\n\t<meta property=\"og:image:type\" content=\"image\/jpeg\" \/>\n<meta name=\"twitter:card\" content=\"summary_large_image\" \/>\n<meta name=\"twitter:label1\" content=\"Dur\u00e9e de lecture estim\u00e9e\" \/>\n\t<meta name=\"twitter:data1\" content=\"1 minute\" \/>\n<script type=\"application\/ld+json\" class=\"yoast-schema-graph\">{\"@context\":\"https:\/\/schema.org\",\"@graph\":[{\"@type\":\"WebPage\",\"@id\":\"https:\/\/goldeletra.org.br\/depoimento\/crislaine-lima-coordenadora-projeto-sociopedagogico-rj\/\",\"url\":\"https:\/\/goldeletra.org.br\/depoimento\/crislaine-lima-coordenadora-projeto-sociopedagogico-rj\/\",\"name\":\"Crislaine Lima, coordinatrice du projet socio-p\u00e9dagogique RJ\",\"isPartOf\":{\"@id\":\"https:\/\/goldeletra.org.br\/#website\"},\"primaryImageOfPage\":{\"@id\":\"https:\/\/goldeletra.org.br\/depoimento\/crislaine-lima-coordenadora-projeto-sociopedagogico-rj\/#primaryimage\"},\"image\":{\"@id\":\"https:\/\/goldeletra.org.br\/depoimento\/crislaine-lima-coordenadora-projeto-sociopedagogico-rj\/#primaryimage\"},\"thumbnailUrl\":\"https:\/\/goldeletra.org.br\/wp-content\/uploads\/2019\/09\/crislaine.jpg\",\"datePublished\":\"2019-09-09T16:43:09+00:00\",\"dateModified\":\"2019-12-06T17:20:00+00:00\",\"breadcrumb\":{\"@id\":\"https:\/\/goldeletra.org.br\/depoimento\/crislaine-lima-coordenadora-projeto-sociopedagogico-rj\/#breadcrumb\"},\"inLanguage\":\"fr\",\"potentialAction\":[{\"@type\":\"ReadAction\",\"target\":[\"https:\/\/goldeletra.org.br\/depoimento\/crislaine-lima-coordenadora-projeto-sociopedagogico-rj\/\"]}]},{\"@type\":\"ImageObject\",\"inLanguage\":\"fr\",\"@id\":\"https:\/\/goldeletra.org.br\/depoimento\/crislaine-lima-coordenadora-projeto-sociopedagogico-rj\/#primaryimage\",\"url\":\"https:\/\/goldeletra.org.br\/wp-content\/uploads\/2019\/09\/crislaine.jpg\",\"contentUrl\":\"https:\/\/goldeletra.org.br\/wp-content\/uploads\/2019\/09\/crislaine.jpg\",\"width\":550,\"height\":367},{\"@type\":\"BreadcrumbList\",\"@id\":\"https:\/\/goldeletra.org.br\/depoimento\/crislaine-lima-coordenadora-projeto-sociopedagogico-rj\/#breadcrumb\",\"itemListElement\":[{\"@type\":\"ListItem\",\"position\":1,\"name\":\"Home\",\"item\":\"https:\/\/goldeletra.org.br\/\"},{\"@type\":\"ListItem\",\"position\":2,\"name\":\"Crislaine Lima, coordenadora Projeto Sociopedag\u00f3gico RJ\"}]},{\"@type\":\"WebSite\",\"@id\":\"https:\/\/goldeletra.org.br\/#website\",\"url\":\"https:\/\/goldeletra.org.br\/\",\"name\":\"Funda\u00e7\u00e3o Gol de Letra\",\"description\":\"Organiza\u00e7\u00e3o sem fins lucrativos que contribui com a educa\u00e7\u00e3o de crian\u00e7as e jovens de comunidades populares para que tenham mais perspectivas de vida.\",\"publisher\":{\"@id\":\"https:\/\/goldeletra.org.br\/#organization\"},\"potentialAction\":[{\"@type\":\"SearchAction\",\"target\":{\"@type\":\"EntryPoint\",\"urlTemplate\":\"https:\/\/goldeletra.org.br\/?s={search_term_string}\"},\"query-input\":{\"@type\":\"PropertyValueSpecification\",\"valueRequired\":true,\"valueName\":\"search_term_string\"}}],\"inLanguage\":\"fr\"},{\"@type\":\"Organization\",\"@id\":\"https:\/\/goldeletra.org.br\/#organization\",\"name\":\"Funda\u00e7\u00e3o Gol de Letra\",\"url\":\"https:\/\/goldeletra.org.br\/\",\"logo\":{\"@type\":\"ImageObject\",\"inLanguage\":\"fr\",\"@id\":\"https:\/\/goldeletra.org.br\/#\/schema\/logo\/image\/\",\"url\":\"https:\/\/goldeletra.org.br\/wp-content\/uploads\/2020\/01\/logo.svg\",\"contentUrl\":\"https:\/\/goldeletra.org.br\/wp-content\/uploads\/2020\/01\/logo.svg\",\"caption\":\"Funda\u00e7\u00e3o Gol de Letra\"},\"image\":{\"@id\":\"https:\/\/goldeletra.org.br\/#\/schema\/logo\/image\/\"},\"sameAs\":[\"https:\/\/www.facebook.com\/FundacaoGolDeLetra\",\"https:\/\/www.instagram.com\/goldeletrabr\/\"]}]}<\/script>\n<!-- \/ Yoast SEO plugin. -->","yoast_head_json":{"title":"Crislaine Lima, coordinatrice du projet socio-p\u00e9dagogique RJ","robots":{"index":"index","follow":"follow","max-snippet":"max-snippet:-1","max-image-preview":"max-image-preview:large","max-video-preview":"max-video-preview:-1"},"canonical":"https:\/\/goldeletra.org.br\/fr\/depoimento\/crislaine-lima-coordenadora-projeto-sociopedagogico-rj\/","og_locale":"fr_FR","og_type":"article","og_title":"[:en]Crislaine Lima, coordinator of Social and Pedagogic Project, RJ[:pt]Crislaine Lima, coordenadora Projeto Sociopedag\u00f3gico RJ[:fr]Crislaine Lima, coordinatrice du projet socio-p\u00e9dagogique RJ[:] - Funda\u00e7\u00e3o Gol de Letra","og_description":"\u00ab\u00a0Travailler avec Gol de Letra est tr\u00e8s stimulant! Nous devons travailler s\u00e9rieusement, tous les jours, pour mettre en place les actions et plans pour rendre les autres personnes heureuses et promouvoir une vie meilleure!\u00a0\u00bb","og_url":"https:\/\/goldeletra.org.br\/fr\/depoimento\/crislaine-lima-coordenadora-projeto-sociopedagogico-rj\/","og_site_name":"Funda\u00e7\u00e3o Gol de Letra","article_publisher":"https:\/\/www.facebook.com\/FundacaoGolDeLetra","article_modified_time":"2019-12-06T17:20:00+00:00","og_image":[{"width":550,"height":367,"url":"https:\/\/goldeletra.org.br\/wp-content\/uploads\/2019\/09\/crislaine.jpg","type":"image\/jpeg"}],"twitter_card":"summary_large_image","twitter_misc":{"Dur\u00e9e de lecture estim\u00e9e":"1 minute"},"schema":{"@context":"https:\/\/schema.org","@graph":[{"@type":"WebPage","@id":"https:\/\/goldeletra.org.br\/depoimento\/crislaine-lima-coordenadora-projeto-sociopedagogico-rj\/","url":"https:\/\/goldeletra.org.br\/depoimento\/crislaine-lima-coordenadora-projeto-sociopedagogico-rj\/","name":"Crislaine Lima, coordinatrice du projet socio-p\u00e9dagogique RJ","isPartOf":{"@id":"https:\/\/goldeletra.org.br\/#website"},"primaryImageOfPage":{"@id":"https:\/\/goldeletra.org.br\/depoimento\/crislaine-lima-coordenadora-projeto-sociopedagogico-rj\/#primaryimage"},"image":{"@id":"https:\/\/goldeletra.org.br\/depoimento\/crislaine-lima-coordenadora-projeto-sociopedagogico-rj\/#primaryimage"},"thumbnailUrl":"https:\/\/goldeletra.org.br\/wp-content\/uploads\/2019\/09\/crislaine.jpg","datePublished":"2019-09-09T16:43:09+00:00","dateModified":"2019-12-06T17:20:00+00:00","breadcrumb":{"@id":"https:\/\/goldeletra.org.br\/depoimento\/crislaine-lima-coordenadora-projeto-sociopedagogico-rj\/#breadcrumb"},"inLanguage":"fr","potentialAction":[{"@type":"ReadAction","target":["https:\/\/goldeletra.org.br\/depoimento\/crislaine-lima-coordenadora-projeto-sociopedagogico-rj\/"]}]},{"@type":"ImageObject","inLanguage":"fr","@id":"https:\/\/goldeletra.org.br\/depoimento\/crislaine-lima-coordenadora-projeto-sociopedagogico-rj\/#primaryimage","url":"https:\/\/goldeletra.org.br\/wp-content\/uploads\/2019\/09\/crislaine.jpg","contentUrl":"https:\/\/goldeletra.org.br\/wp-content\/uploads\/2019\/09\/crislaine.jpg","width":550,"height":367},{"@type":"BreadcrumbList","@id":"https:\/\/goldeletra.org.br\/depoimento\/crislaine-lima-coordenadora-projeto-sociopedagogico-rj\/#breadcrumb","itemListElement":[{"@type":"ListItem","position":1,"name":"Home","item":"https:\/\/goldeletra.org.br\/"},{"@type":"ListItem","position":2,"name":"Crislaine Lima, coordenadora Projeto Sociopedag\u00f3gico RJ"}]},{"@type":"WebSite","@id":"https:\/\/goldeletra.org.br\/#website","url":"https:\/\/goldeletra.org.br\/","name":"Funda\u00e7\u00e3o Gol de Letra","description":"Organiza\u00e7\u00e3o sem fins lucrativos que contribui com a educa\u00e7\u00e3o de crian\u00e7as e jovens de comunidades populares para que tenham mais perspectivas de vida.","publisher":{"@id":"https:\/\/goldeletra.org.br\/#organization"},"potentialAction":[{"@type":"SearchAction","target":{"@type":"EntryPoint","urlTemplate":"https:\/\/goldeletra.org.br\/?s={search_term_string}"},"query-input":{"@type":"PropertyValueSpecification","valueRequired":true,"valueName":"search_term_string"}}],"inLanguage":"fr"},{"@type":"Organization","@id":"https:\/\/goldeletra.org.br\/#organization","name":"Funda\u00e7\u00e3o Gol de Letra","url":"https:\/\/goldeletra.org.br\/","logo":{"@type":"ImageObject","inLanguage":"fr","@id":"https:\/\/goldeletra.org.br\/#\/schema\/logo\/image\/","url":"https:\/\/goldeletra.org.br\/wp-content\/uploads\/2020\/01\/logo.svg","contentUrl":"https:\/\/goldeletra.org.br\/wp-content\/uploads\/2020\/01\/logo.svg","caption":"Funda\u00e7\u00e3o Gol de Letra"},"image":{"@id":"https:\/\/goldeletra.org.br\/#\/schema\/logo\/image\/"},"sameAs":["https:\/\/www.facebook.com\/FundacaoGolDeLetra","https:\/\/www.instagram.com\/goldeletrabr\/"]}]}},"_links":{"self":[{"href":"https:\/\/goldeletra.org.br\/fr\/wp-json\/wp\/v2\/depoimento\/59","targetHints":{"allow":["GET"]}}],"collection":[{"href":"https:\/\/goldeletra.org.br\/fr\/wp-json\/wp\/v2\/depoimento"}],"about":[{"href":"https:\/\/goldeletra.org.br\/fr\/wp-json\/wp\/v2\/types\/depoimento"}],"wp:featuredmedia":[{"embeddable":true,"href":"https:\/\/goldeletra.org.br\/fr\/wp-json\/wp\/v2\/media\/43"}],"wp:attachment":[{"href":"https:\/\/goldeletra.org.br\/fr\/wp-json\/wp\/v2\/media?parent=59"}],"curies":[{"name":"wp","href":"https:\/\/api.w.org\/{rel}","templated":true}]}}