{"id":64,"date":"2019-09-09T13:46:04","date_gmt":"2019-09-09T16:46:04","guid":{"rendered":"http:\/\/localhost\/GDL\/wordpress\/?post_type=depoimento&#038;p=64"},"modified":"2021-01-26T14:55:00","modified_gmt":"2021-01-26T16:55:00","slug":"rai-oliveira-instituidor-e-presidente-do-conselho-da-fundacao-gol-de-letra","status":"publish","type":"depoimento","link":"https:\/\/goldeletra.org.br\/fr\/depoimento\/rai-oliveira-instituidor-e-presidente-do-conselho-da-fundacao-gol-de-letra\/","title":{"rendered":"Ra\u00ed Oliveira, fondateur et pr\u00e9sident de la Fondation Gol de Letra"},"content":{"rendered":"\n<p>\u00ab\u00a0Je voulais participer et aider \u00e0 construire un pays plus juste. Je voulais commencer un projet concret. La plus grande injustice au Br\u00e9sil n\u2019est pas la r\u00e9partition des revenus, mais plut\u00f4t la diff\u00e9rence dans l&rsquo;\u00e9ducation, la diff\u00e9rence des chances et de d\u00e9veloppement. La Fondation a commenc\u00e9 avec la programme \u201cVirando o Jogo\u201d, qui a re\u00e7u 100 enfants et adolescents; aujourd\u2019hui ils sont plus de 2.100 par an entre S\u00e3o Paulo et Rio de Janeiro. Donner une occupation \u00e0 ces enfants et jeunes, et les former pour les pr\u00e9parer \u00e0 leur avenir est l&rsquo;un des objectifs de la Fondation Gol de Letra.\u00a0\u00bb<\/p>\n","protected":false},"featured_media":41,"template":"","class_list":["post-64","depoimento","type-depoimento","status-publish","has-post-thumbnail","hentry"],"yoast_head":"<!-- This site is optimized with the Yoast SEO plugin v26.6 - https:\/\/yoast.com\/wordpress\/plugins\/seo\/ -->\n<title>Ra\u00ed Oliveira, fondateur et pr\u00e9sident de la Fondation Gol de Letra<\/title>\n<meta name=\"robots\" content=\"index, follow, max-snippet:-1, max-image-preview:large, max-video-preview:-1\" \/>\n<link rel=\"canonical\" href=\"https:\/\/goldeletra.org.br\/fr\/depoimento\/rai-oliveira-instituidor-e-presidente-do-conselho-da-fundacao-gol-de-letra\/\" \/>\n<meta property=\"og:locale\" content=\"fr_FR\" \/>\n<meta property=\"og:locale:alternate\" content=\"en_US\" \/>\n<meta property=\"og:locale:alternate\" content=\"pt_BR\" \/>\n<meta property=\"og:type\" content=\"article\" \/>\n<meta property=\"og:title\" content=\"Ra\u00ed Oliveira, fondateur et pr\u00e9sident de la Fondation Gol de Letra\" \/>\n<meta property=\"og:description\" content=\"\u00ab\u00a0Je voulais participer et aider \u00e0 construire un pays plus juste. Je voulais commencer un projet concret. La plus grande injustice au Br\u00e9sil n\u2019est pas la r\u00e9partition des revenus, mais plut\u00f4t la diff\u00e9rence dans l&rsquo;\u00e9ducation, la diff\u00e9rence des chances et de d\u00e9veloppement. La Fondation a commenc\u00e9 avec la programme \u201cVirando o Jogo\u201d, qui a re\u00e7u [&hellip;]\" \/>\n<meta property=\"og:url\" content=\"https:\/\/goldeletra.org.br\/fr\/depoimento\/rai-oliveira-instituidor-e-presidente-do-conselho-da-fundacao-gol-de-letra\/\" \/>\n<meta property=\"og:site_name\" content=\"Funda\u00e7\u00e3o Gol de Letra\" \/>\n<meta property=\"article:publisher\" content=\"https:\/\/www.facebook.com\/FundacaoGolDeLetra\" \/>\n<meta property=\"article:modified_time\" content=\"2021-01-26T16:55:00+00:00\" \/>\n<meta property=\"og:image\" content=\"https:\/\/goldeletra.org.br\/wp-content\/uploads\/2019\/09\/rai.jpg\" \/>\n\t<meta property=\"og:image:width\" content=\"550\" \/>\n\t<meta property=\"og:image:height\" content=\"367\" \/>\n\t<meta property=\"og:image:type\" content=\"image\/jpeg\" \/>\n<meta name=\"twitter:card\" content=\"summary_large_image\" \/>\n<meta name=\"twitter:label1\" content=\"Dur\u00e9e de lecture estim\u00e9e\" \/>\n\t<meta name=\"twitter:data1\" content=\"2 minutes\" \/>\n<script type=\"application\/ld+json\" class=\"yoast-schema-graph\">{\"@context\":\"https:\/\/schema.org\",\"@graph\":[{\"@type\":\"WebPage\",\"@id\":\"https:\/\/goldeletra.org.br\/depoimento\/rai-oliveira-instituidor-e-presidente-do-conselho-da-fundacao-gol-de-letra\/\",\"url\":\"https:\/\/goldeletra.org.br\/depoimento\/rai-oliveira-instituidor-e-presidente-do-conselho-da-fundacao-gol-de-letra\/\",\"name\":\"Ra\u00ed Oliveira, fondateur et pr\u00e9sident de la Fondation Gol de Letra\",\"isPartOf\":{\"@id\":\"https:\/\/goldeletra.org.br\/#website\"},\"primaryImageOfPage\":{\"@id\":\"https:\/\/goldeletra.org.br\/depoimento\/rai-oliveira-instituidor-e-presidente-do-conselho-da-fundacao-gol-de-letra\/#primaryimage\"},\"image\":{\"@id\":\"https:\/\/goldeletra.org.br\/depoimento\/rai-oliveira-instituidor-e-presidente-do-conselho-da-fundacao-gol-de-letra\/#primaryimage\"},\"thumbnailUrl\":\"https:\/\/goldeletra.org.br\/wp-content\/uploads\/2019\/09\/rai.jpg\",\"datePublished\":\"2019-09-09T16:46:04+00:00\",\"dateModified\":\"2021-01-26T16:55:00+00:00\",\"breadcrumb\":{\"@id\":\"https:\/\/goldeletra.org.br\/depoimento\/rai-oliveira-instituidor-e-presidente-do-conselho-da-fundacao-gol-de-letra\/#breadcrumb\"},\"inLanguage\":\"fr\",\"potentialAction\":[{\"@type\":\"ReadAction\",\"target\":[\"https:\/\/goldeletra.org.br\/depoimento\/rai-oliveira-instituidor-e-presidente-do-conselho-da-fundacao-gol-de-letra\/\"]}]},{\"@type\":\"ImageObject\",\"inLanguage\":\"fr\",\"@id\":\"https:\/\/goldeletra.org.br\/depoimento\/rai-oliveira-instituidor-e-presidente-do-conselho-da-fundacao-gol-de-letra\/#primaryimage\",\"url\":\"https:\/\/goldeletra.org.br\/wp-content\/uploads\/2019\/09\/rai.jpg\",\"contentUrl\":\"https:\/\/goldeletra.org.br\/wp-content\/uploads\/2019\/09\/rai.jpg\",\"width\":550,\"height\":367},{\"@type\":\"BreadcrumbList\",\"@id\":\"https:\/\/goldeletra.org.br\/depoimento\/rai-oliveira-instituidor-e-presidente-do-conselho-da-fundacao-gol-de-letra\/#breadcrumb\",\"itemListElement\":[{\"@type\":\"ListItem\",\"position\":1,\"name\":\"Home\",\"item\":\"https:\/\/goldeletra.org.br\/\"},{\"@type\":\"ListItem\",\"position\":2,\"name\":\"Ra\u00ed Oliveira, instituidor e presidente do Conselho da Funda\u00e7\u00e3o Gol de Letra\"}]},{\"@type\":\"WebSite\",\"@id\":\"https:\/\/goldeletra.org.br\/#website\",\"url\":\"https:\/\/goldeletra.org.br\/\",\"name\":\"Funda\u00e7\u00e3o Gol de Letra\",\"description\":\"Organiza\u00e7\u00e3o sem fins lucrativos que contribui com a educa\u00e7\u00e3o de crian\u00e7as e jovens de comunidades populares para que tenham mais perspectivas de vida.\",\"publisher\":{\"@id\":\"https:\/\/goldeletra.org.br\/#organization\"},\"potentialAction\":[{\"@type\":\"SearchAction\",\"target\":{\"@type\":\"EntryPoint\",\"urlTemplate\":\"https:\/\/goldeletra.org.br\/?s={search_term_string}\"},\"query-input\":{\"@type\":\"PropertyValueSpecification\",\"valueRequired\":true,\"valueName\":\"search_term_string\"}}],\"inLanguage\":\"fr\"},{\"@type\":\"Organization\",\"@id\":\"https:\/\/goldeletra.org.br\/#organization\",\"name\":\"Funda\u00e7\u00e3o Gol de Letra\",\"url\":\"https:\/\/goldeletra.org.br\/\",\"logo\":{\"@type\":\"ImageObject\",\"inLanguage\":\"fr\",\"@id\":\"https:\/\/goldeletra.org.br\/#\/schema\/logo\/image\/\",\"url\":\"https:\/\/goldeletra.org.br\/wp-content\/uploads\/2020\/01\/logo.svg\",\"contentUrl\":\"https:\/\/goldeletra.org.br\/wp-content\/uploads\/2020\/01\/logo.svg\",\"caption\":\"Funda\u00e7\u00e3o Gol de Letra\"},\"image\":{\"@id\":\"https:\/\/goldeletra.org.br\/#\/schema\/logo\/image\/\"},\"sameAs\":[\"https:\/\/www.facebook.com\/FundacaoGolDeLetra\",\"https:\/\/www.instagram.com\/goldeletrabr\/\"]}]}<\/script>\n<!-- \/ Yoast SEO plugin. -->","yoast_head_json":{"title":"Ra\u00ed Oliveira, fondateur et pr\u00e9sident de la Fondation Gol de Letra","robots":{"index":"index","follow":"follow","max-snippet":"max-snippet:-1","max-image-preview":"max-image-preview:large","max-video-preview":"max-video-preview:-1"},"canonical":"https:\/\/goldeletra.org.br\/fr\/depoimento\/rai-oliveira-instituidor-e-presidente-do-conselho-da-fundacao-gol-de-letra\/","og_locale":"fr_FR","og_type":"article","og_title":"[:en]Ra\u00ed Oliveira,Co-Founder and President of Gol de Letra Foundation\u00b4s Advisory Board[:pt]Ra\u00ed Oliveira, instituidor e presidente do Conselho da Funda\u00e7\u00e3o Gol de Letra[:fr]Ra\u00ed Oliveira, fondateur et pr\u00e9sident de la Fondation Gol de Letra[:] - Funda\u00e7\u00e3o Gol de Letra","og_description":"\u00ab\u00a0Je voulais participer et aider \u00e0 construire un pays plus juste. Je voulais commencer un projet concret. La plus grande injustice au Br\u00e9sil n\u2019est pas la r\u00e9partition des revenus, mais plut\u00f4t la diff\u00e9rence dans l&rsquo;\u00e9ducation, la diff\u00e9rence des chances et de d\u00e9veloppement. La Fondation a commenc\u00e9 avec la programme \u201cVirando o Jogo\u201d, qui a re\u00e7u [&hellip;]","og_url":"https:\/\/goldeletra.org.br\/fr\/depoimento\/rai-oliveira-instituidor-e-presidente-do-conselho-da-fundacao-gol-de-letra\/","og_site_name":"Funda\u00e7\u00e3o Gol de Letra","article_publisher":"https:\/\/www.facebook.com\/FundacaoGolDeLetra","article_modified_time":"2021-01-26T16:55:00+00:00","og_image":[{"width":550,"height":367,"url":"https:\/\/goldeletra.org.br\/wp-content\/uploads\/2019\/09\/rai.jpg","type":"image\/jpeg"}],"twitter_card":"summary_large_image","twitter_misc":{"Dur\u00e9e de lecture estim\u00e9e":"2 minutes"},"schema":{"@context":"https:\/\/schema.org","@graph":[{"@type":"WebPage","@id":"https:\/\/goldeletra.org.br\/depoimento\/rai-oliveira-instituidor-e-presidente-do-conselho-da-fundacao-gol-de-letra\/","url":"https:\/\/goldeletra.org.br\/depoimento\/rai-oliveira-instituidor-e-presidente-do-conselho-da-fundacao-gol-de-letra\/","name":"Ra\u00ed Oliveira, fondateur et pr\u00e9sident de la Fondation Gol de Letra","isPartOf":{"@id":"https:\/\/goldeletra.org.br\/#website"},"primaryImageOfPage":{"@id":"https:\/\/goldeletra.org.br\/depoimento\/rai-oliveira-instituidor-e-presidente-do-conselho-da-fundacao-gol-de-letra\/#primaryimage"},"image":{"@id":"https:\/\/goldeletra.org.br\/depoimento\/rai-oliveira-instituidor-e-presidente-do-conselho-da-fundacao-gol-de-letra\/#primaryimage"},"thumbnailUrl":"https:\/\/goldeletra.org.br\/wp-content\/uploads\/2019\/09\/rai.jpg","datePublished":"2019-09-09T16:46:04+00:00","dateModified":"2021-01-26T16:55:00+00:00","breadcrumb":{"@id":"https:\/\/goldeletra.org.br\/depoimento\/rai-oliveira-instituidor-e-presidente-do-conselho-da-fundacao-gol-de-letra\/#breadcrumb"},"inLanguage":"fr","potentialAction":[{"@type":"ReadAction","target":["https:\/\/goldeletra.org.br\/depoimento\/rai-oliveira-instituidor-e-presidente-do-conselho-da-fundacao-gol-de-letra\/"]}]},{"@type":"ImageObject","inLanguage":"fr","@id":"https:\/\/goldeletra.org.br\/depoimento\/rai-oliveira-instituidor-e-presidente-do-conselho-da-fundacao-gol-de-letra\/#primaryimage","url":"https:\/\/goldeletra.org.br\/wp-content\/uploads\/2019\/09\/rai.jpg","contentUrl":"https:\/\/goldeletra.org.br\/wp-content\/uploads\/2019\/09\/rai.jpg","width":550,"height":367},{"@type":"BreadcrumbList","@id":"https:\/\/goldeletra.org.br\/depoimento\/rai-oliveira-instituidor-e-presidente-do-conselho-da-fundacao-gol-de-letra\/#breadcrumb","itemListElement":[{"@type":"ListItem","position":1,"name":"Home","item":"https:\/\/goldeletra.org.br\/"},{"@type":"ListItem","position":2,"name":"Ra\u00ed Oliveira, instituidor e presidente do Conselho da Funda\u00e7\u00e3o Gol de Letra"}]},{"@type":"WebSite","@id":"https:\/\/goldeletra.org.br\/#website","url":"https:\/\/goldeletra.org.br\/","name":"Funda\u00e7\u00e3o Gol de Letra","description":"Organiza\u00e7\u00e3o sem fins lucrativos que contribui com a educa\u00e7\u00e3o de crian\u00e7as e jovens de comunidades populares para que tenham mais perspectivas de vida.","publisher":{"@id":"https:\/\/goldeletra.org.br\/#organization"},"potentialAction":[{"@type":"SearchAction","target":{"@type":"EntryPoint","urlTemplate":"https:\/\/goldeletra.org.br\/?s={search_term_string}"},"query-input":{"@type":"PropertyValueSpecification","valueRequired":true,"valueName":"search_term_string"}}],"inLanguage":"fr"},{"@type":"Organization","@id":"https:\/\/goldeletra.org.br\/#organization","name":"Funda\u00e7\u00e3o Gol de Letra","url":"https:\/\/goldeletra.org.br\/","logo":{"@type":"ImageObject","inLanguage":"fr","@id":"https:\/\/goldeletra.org.br\/#\/schema\/logo\/image\/","url":"https:\/\/goldeletra.org.br\/wp-content\/uploads\/2020\/01\/logo.svg","contentUrl":"https:\/\/goldeletra.org.br\/wp-content\/uploads\/2020\/01\/logo.svg","caption":"Funda\u00e7\u00e3o Gol de Letra"},"image":{"@id":"https:\/\/goldeletra.org.br\/#\/schema\/logo\/image\/"},"sameAs":["https:\/\/www.facebook.com\/FundacaoGolDeLetra","https:\/\/www.instagram.com\/goldeletrabr\/"]}]}},"_links":{"self":[{"href":"https:\/\/goldeletra.org.br\/fr\/wp-json\/wp\/v2\/depoimento\/64","targetHints":{"allow":["GET"]}}],"collection":[{"href":"https:\/\/goldeletra.org.br\/fr\/wp-json\/wp\/v2\/depoimento"}],"about":[{"href":"https:\/\/goldeletra.org.br\/fr\/wp-json\/wp\/v2\/types\/depoimento"}],"wp:featuredmedia":[{"embeddable":true,"href":"https:\/\/goldeletra.org.br\/fr\/wp-json\/wp\/v2\/media\/41"}],"wp:attachment":[{"href":"https:\/\/goldeletra.org.br\/fr\/wp-json\/wp\/v2\/media?parent=64"}],"curies":[{"name":"wp","href":"https:\/\/api.w.org\/{rel}","templated":true}]}}