{"id":4908,"date":"2023-05-03T12:38:08","date_gmt":"2023-05-03T15:38:08","guid":{"rendered":"https:\/?page_id=4908"},"modified":"2023-05-03T12:39:02","modified_gmt":"2023-05-03T15:39:02","slug":"plantao-de-matriculas-e-estrategias-de-mobilizacao-comunitaria","status":"publish","type":"page","link":"https:\/\/goldeletra.org.br\/fr\/plantao-de-matriculas-e-estrategias-de-mobilizacao-comunitaria\/","title":{"rendered":"Plant\u00e3o de matr\u00edculas e estrat\u00e9gias de mobiliza\u00e7\u00e3o comunit\u00e1ria"},"content":{"rendered":"\n<p><em>Escrito por  Karina Avelar \u2013 Analista de Projetos<\/em><\/p>\n\n\n\n<p>A equipe do Rio saiu da rotina e desenvolveu um trabalho\narticulando Matr\u00edculas e Mobiliza\u00e7\u00e3o Comunit\u00e1ria no m\u00eas de mar\u00e7o!&nbsp; Em uma semana de a\u00e7\u00e3o do dia 20 a 24 de\nmar\u00e7o, a Funda\u00e7\u00e3o Gol de Letra Caju rompeu os muros e foi para a atua\u00e7\u00e3o direta\nnos territ\u00f3rios.<\/p>\n\n\n\n<p>Um dos objetivos que norteiam as a\u00e7\u00f5es do Servi\u00e7o Social da Gol de Letra \u00e9 o de atuar de forma criativa e interventiva, ampliar nossa rela\u00e7\u00e3o com a comunidade atrav\u00e9s da Mobiliza\u00e7\u00e3o, garantir que as fam\u00edlias atendidas estejam orientadas e tenham acesso a informa\u00e7\u00f5es necess\u00e1rias para acesso a seus direitos. Somamos, assim for\u00e7as \u00e0s ofertas de servi\u00e7os de esporte e educa\u00e7\u00e3o para crian\u00e7as, adolescentes e fam\u00edlias, desenvolvidos atrav\u00e9s dos programas institucionais. <\/p>\n\n\n\n<figure class=\"wp-block-image\"><img loading=\"lazy\" decoding=\"async\" width=\"1024\" height=\"461\" src=\"https:\/\/goldeletra.org.br\/wp-content\/uploads\/2023\/05\/Plant\u00e3o-1024x461.jpg\" alt=\"\" class=\"wp-image-4910\" srcset=\"https:\/\/goldeletra.org.br\/wp-content\/uploads\/2023\/05\/Plant\u00e3o-1024x461.jpg 1024w, https:\/\/goldeletra.org.br\/wp-content\/uploads\/2023\/05\/Plant\u00e3o-300x135.jpg 300w, https:\/\/goldeletra.org.br\/wp-content\/uploads\/2023\/05\/Plant\u00e3o-768x346.jpg 768w, https:\/\/goldeletra.org.br\/wp-content\/uploads\/2023\/05\/Plant\u00e3o.jpg 1600w\" sizes=\"auto, (max-width: 1024px) 100vw, 1024px\" \/><figcaption>Plant\u00e3o Parque Boa Esperan\u00e7a<\/figcaption><\/figure>\n\n\n\n<p>Para dar corpo a esse compromisso com o territ\u00f3rio,\ndesenvolvemos um projeto de interven\u00e7\u00e3o para preenchimento de vagas nas turmas\ndos Programas Dois Toques e Jogo Aberto Caju para o primeiro semestre de 2023,\num <strong>Plant\u00e3o de Matr\u00edculas<\/strong>. <\/p>\n\n\n\n<p>O objetivo principal era preencher vagas para crian\u00e7as e\nadolescentes de 04 a 16 anos nos programas, ampliando o acesso \u00e0 fam\u00edlias, de\nforma a alcan\u00e7ar aquelas que n\u00e3o tinham passado pelos proejtos, ampliar a\nrela\u00e7\u00e3o territorial e disponibilizar orienta\u00e7\u00e3o social durante a semana. <\/p>\n\n\n\n<p>Disponibilizamos,\npor meio do edital 01\/2023 \u201cMatr\u00edculas de novas(os) alunas(os) \u2013 Ano letivo de\n2023 \u2013 1\u00ba Semestre\u201d, 250 vagas sendo 162 vagas para o Programa Jogo Aberto Caju\ne 88 vagas para o Programa Dois Toques.<\/p>\n\n\n\n<figure class=\"wp-block-image\"><img loading=\"lazy\" decoding=\"async\" width=\"1024\" height=\"682\" src=\"https:\/\/goldeletra.org.br\/wp-content\/uploads\/2023\/05\/Plant\u00e3o2-1024x682.jpg\" alt=\"\" class=\"wp-image-4912\" srcset=\"https:\/\/goldeletra.org.br\/wp-content\/uploads\/2023\/05\/Plant\u00e3o2-1024x682.jpg 1024w, https:\/\/goldeletra.org.br\/wp-content\/uploads\/2023\/05\/Plant\u00e3o2-300x200.jpg 300w, https:\/\/goldeletra.org.br\/wp-content\/uploads\/2023\/05\/Plant\u00e3o2-768x512.jpg 768w, https:\/\/goldeletra.org.br\/wp-content\/uploads\/2023\/05\/Plant\u00e3o2.jpg 1100w\" sizes=\"auto, (max-width: 1024px) 100vw, 1024px\" \/><figcaption>Plant\u00e3o  Parque S\u00e3o Sebasti\u00e3o<\/figcaption><\/figure>\n\n\n\n<p>Com a a\u00e7\u00e3o, superamos a meta de\npreenchimento de vagas nas turmas de atividades esportivas e apoio pedag\u00f3gico.\nForam no total 353 crian\u00e7as e adolescentes contempladas (os) com uma vaga em\nnossas atividades, com 100% das fam\u00edlias com perfil para matr\u00edcula passando por\nentrevista social e orienta\u00e7\u00e3o junto ao Servi\u00e7o Social. As fam\u00edlias que n\u00e3o\ntinham perfil no momento preencheram uma ficha de interesse em vagas futuras. <\/p>\n\n\n\n<p>Tudo isso s\u00f3 foi poss\u00edvel pela\nparceria de longa data que a institui\u00e7\u00e3o constr\u00f3i com as Associa\u00e7\u00f5es de Moradores\ndo Complexo de Favelas do Caju. Para o plant\u00e3o atuamos junto a 6 associa\u00e7\u00f5es,\ncom realiza\u00e7\u00e3o das a\u00e7\u00f5es nas comunidades: Clemente Ferreira, Parque S\u00e3o\nSebasti\u00e3o, Parque Nossa Senhora da Penha, Parque Alegria, Parque Boa Esperan\u00e7a.\n&nbsp;<\/p>\n\n\n\n<p>Como culmin\u00e2ncia desse trabalho, o \u00faltimo dia da a\u00e7\u00e3o contou com uma reuni\u00e3o de fam\u00edlias, recepcionadas pelas Assistentes Sociais* de refer\u00eancia no atendimento dos Programas. E como podemos ver, o registro abaixo demonstra nossa meta cumprida em envolvimento, mobiliza\u00e7\u00e3o e preenchimento das vagas. <\/p>\n\n\n\n<figure class=\"wp-block-image\"><img loading=\"lazy\" decoding=\"async\" width=\"1024\" height=\"768\" src=\"https:\/\/goldeletra.org.br\/wp-content\/uploads\/2023\/05\/plant\u00e3o-3-1024x768.jpg\" alt=\"\" class=\"wp-image-4913\" srcset=\"https:\/\/goldeletra.org.br\/wp-content\/uploads\/2023\/05\/plant\u00e3o-3.jpg 1024w, https:\/\/goldeletra.org.br\/wp-content\/uploads\/2023\/05\/plant\u00e3o-3-300x225.jpg 300w, https:\/\/goldeletra.org.br\/wp-content\/uploads\/2023\/05\/plant\u00e3o-3-768x576.jpg 768w\" sizes=\"auto, (max-width: 1024px) 100vw, 1024px\" \/><figcaption>Reuni\u00e3o de boas Vindas com as Fam\u00edlias na Funda\u00e7\u00e3o <\/figcaption><\/figure>\n\n\n\n<p>Agora o trabalho continua! Estar no territ\u00f3rio nos permite mais um caminho de ampliar o olhar para as demandas locais e, neste caso, nos possibilitou, atrav\u00e9s das entrevistas sociais, coletar dados concretos da realidade das fam\u00edlias atendidas. \u00c9 atrav\u00e9s dessas informa\u00e7\u00f5es e observa\u00e7\u00f5es que as a\u00e7\u00f5es do Servi\u00e7o Social ir\u00e3o se pautar no decorrer do ano junto \u00e0s fam\u00edlias e a Rede Local. Ampliando nossa incid\u00eancia sempre que necess\u00e1rio, atrav\u00e9s da Mobiliza\u00e7\u00e3o Comunit\u00e1ria para promo\u00e7\u00e3o coletiva do desenvolvimento territorial.\u00a0 <\/p>\n\n\n\n<p><\/p>\n\n\n\n<p><strong>Equipe presente: <\/strong><\/p>\n\n\n\n<p>Priscila Pereira \u2013 Assistente\nSocial <\/p>\n\n\n\n<p>Matheus de Paula \u2013 Assistente\nSocial <\/p>\n\n\n\n<p>Estev\u00e3o Nascimento \u2013 Educador\nSocial<\/p>\n\n\n\n<p>Silvia Maria \u2013 Assistente Social<\/p>\n\n\n\n<p>Natasha Sholl \u2013 Assistente Social<\/p>\n\n\n\n<p>C\u00e9u Camara\u2013 Estagi\u00e1ria Servi\u00e7o\nSocial<\/p>\n\n\n\n<p>Cyntia Damasceno &#8211; Estagi\u00e1ria\nServi\u00e7o Social<\/p>\n\n\n\n<p>Brenda \u2013 Aprendiz Administrativo<\/p>\n\n\n\n<p>Camila \u2013 Aprendiz Administrativo<\/p>\n\n\n\n<p>Larissa &#8211; Aprendiz Administrativo<\/p>\n\n\n\n<p>Maria Eduarda de Paula \u2013\nEstagi\u00e1ria Servi\u00e7o Social<\/p>\n\n\n\n<p>Beatriz Rockert \u2013 Estagi\u00e1ria\nServi\u00e7o Social<\/p>\n\n\n\n<p>Francisco \u2013 TI<\/p>\n\n\n\n<p>Bruno \u2013 Operacional<\/p>\n\n\n\n<p>Karina Avelar \u2013 Analista de\nProjetos<\/p>\n\n\n\n<p><strong>Presidentes Associa\u00e7\u00f5es de Moradores<\/strong><\/p>\n\n\n\n<p>Daniele Silva<\/p>\n\n\n\n<p>Kelly<\/p>\n\n\n\n<p>Paulo<\/p>\n\n\n\n<p>Ariane<\/p>\n","protected":false},"excerpt":{"rendered":"<p>Escrito por Karina Avelar \u2013 Analista de Projetos A equipe do Rio saiu da rotina e desenvolveu um trabalho articulando Matr\u00edculas e Mobiliza\u00e7\u00e3o Comunit\u00e1ria no m\u00eas de mar\u00e7o!&nbsp; Em uma semana de a\u00e7\u00e3o do dia 20 a 24 de mar\u00e7o, a Funda\u00e7\u00e3o Gol de Letra Caju rompeu os muros e foi para a atua\u00e7\u00e3o direta [&hellip;]<\/p>\n","protected":false},"author":3,"featured_media":0,"parent":0,"menu_order":0,"comment_status":"closed","ping_status":"closed","template":"","meta":{"inline_featured_image":false,"footnotes":""},"class_list":["post-4908","page","type-page","status-publish","hentry"],"yoast_head":"<!-- This site is optimized with the Yoast SEO plugin v26.6 - https:\/\/yoast.com\/wordpress\/plugins\/seo\/ -->\n<title>Plant\u00e3o de matr\u00edculas e estrat\u00e9gias de mobiliza\u00e7\u00e3o comunit\u00e1ria<\/title>\n<meta name=\"robots\" content=\"index, follow, max-snippet:-1, max-image-preview:large, max-video-preview:-1\" \/>\n<link rel=\"canonical\" href=\"https:\/\/goldeletra.org.br\/fr\/plantao-de-matriculas-e-estrategias-de-mobilizacao-comunitaria\/\" \/>\n<meta property=\"og:locale\" content=\"fr_FR\" \/>\n<meta property=\"og:locale:alternate\" content=\"en_US\" \/>\n<meta property=\"og:locale:alternate\" content=\"pt_BR\" \/>\n<meta property=\"og:type\" content=\"article\" \/>\n<meta property=\"og:title\" content=\"Plant\u00e3o de matr\u00edculas e estrat\u00e9gias de mobiliza\u00e7\u00e3o comunit\u00e1ria\" \/>\n<meta property=\"og:description\" content=\"Escrito por Karina Avelar \u2013 Analista de Projetos A equipe do Rio saiu da rotina e desenvolveu um trabalho articulando Matr\u00edculas e Mobiliza\u00e7\u00e3o Comunit\u00e1ria no m\u00eas de mar\u00e7o!&nbsp; Em uma semana de a\u00e7\u00e3o do dia 20 a 24 de mar\u00e7o, a Funda\u00e7\u00e3o Gol de Letra Caju rompeu os muros e foi para a atua\u00e7\u00e3o direta [&hellip;]\" \/>\n<meta property=\"og:url\" content=\"https:\/\/goldeletra.org.br\/fr\/plantao-de-matriculas-e-estrategias-de-mobilizacao-comunitaria\/\" \/>\n<meta property=\"og:site_name\" content=\"Funda\u00e7\u00e3o Gol de Letra\" \/>\n<meta property=\"article:publisher\" content=\"https:\/\/www.facebook.com\/FundacaoGolDeLetra\" \/>\n<meta property=\"article:modified_time\" content=\"2023-05-03T15:39:02+00:00\" \/>\n<meta name=\"twitter:card\" content=\"summary_large_image\" \/>\n<meta name=\"twitter:label1\" content=\"Dur\u00e9e de lecture estim\u00e9e\" \/>\n\t<meta name=\"twitter:data1\" content=\"3 minutes\" \/>\n<script type=\"application\/ld+json\" class=\"yoast-schema-graph\">{\"@context\":\"https:\/\/schema.org\",\"@graph\":[{\"@type\":\"WebPage\",\"@id\":\"https:\/\/goldeletra.org.br\/plantao-de-matriculas-e-estrategias-de-mobilizacao-comunitaria\/\",\"url\":\"https:\/\/goldeletra.org.br\/plantao-de-matriculas-e-estrategias-de-mobilizacao-comunitaria\/\",\"name\":\"Plant\u00e3o de matr\u00edculas e estrat\u00e9gias de mobiliza\u00e7\u00e3o comunit\u00e1ria\",\"isPartOf\":{\"@id\":\"https:\/\/goldeletra.org.br\/#website\"},\"datePublished\":\"2023-05-03T15:38:08+00:00\",\"dateModified\":\"2023-05-03T15:39:02+00:00\",\"breadcrumb\":{\"@id\":\"https:\/\/goldeletra.org.br\/plantao-de-matriculas-e-estrategias-de-mobilizacao-comunitaria\/#breadcrumb\"},\"inLanguage\":\"fr\",\"potentialAction\":[{\"@type\":\"ReadAction\",\"target\":[\"https:\/\/goldeletra.org.br\/plantao-de-matriculas-e-estrategias-de-mobilizacao-comunitaria\/\"]}]},{\"@type\":\"BreadcrumbList\",\"@id\":\"https:\/\/goldeletra.org.br\/plantao-de-matriculas-e-estrategias-de-mobilizacao-comunitaria\/#breadcrumb\",\"itemListElement\":[{\"@type\":\"ListItem\",\"position\":1,\"name\":\"Home\",\"item\":\"https:\/\/goldeletra.org.br\/\"},{\"@type\":\"ListItem\",\"position\":2,\"name\":\"Plant\u00e3o de matr\u00edculas e estrat\u00e9gias de mobiliza\u00e7\u00e3o comunit\u00e1ria\"}]},{\"@type\":\"WebSite\",\"@id\":\"https:\/\/goldeletra.org.br\/#website\",\"url\":\"https:\/\/goldeletra.org.br\/\",\"name\":\"Funda\u00e7\u00e3o Gol de Letra\",\"description\":\"Organiza\u00e7\u00e3o sem fins lucrativos que contribui com a educa\u00e7\u00e3o de crian\u00e7as e jovens de comunidades populares para que tenham mais perspectivas de vida.\",\"publisher\":{\"@id\":\"https:\/\/goldeletra.org.br\/#organization\"},\"potentialAction\":[{\"@type\":\"SearchAction\",\"target\":{\"@type\":\"EntryPoint\",\"urlTemplate\":\"https:\/\/goldeletra.org.br\/?s={search_term_string}\"},\"query-input\":{\"@type\":\"PropertyValueSpecification\",\"valueRequired\":true,\"valueName\":\"search_term_string\"}}],\"inLanguage\":\"fr\"},{\"@type\":\"Organization\",\"@id\":\"https:\/\/goldeletra.org.br\/#organization\",\"name\":\"Funda\u00e7\u00e3o Gol de Letra\",\"url\":\"https:\/\/goldeletra.org.br\/\",\"logo\":{\"@type\":\"ImageObject\",\"inLanguage\":\"fr\",\"@id\":\"https:\/\/goldeletra.org.br\/#\/schema\/logo\/image\/\",\"url\":\"https:\/\/goldeletra.org.br\/wp-content\/uploads\/2020\/01\/logo.svg\",\"contentUrl\":\"https:\/\/goldeletra.org.br\/wp-content\/uploads\/2020\/01\/logo.svg\",\"caption\":\"Funda\u00e7\u00e3o Gol de Letra\"},\"image\":{\"@id\":\"https:\/\/goldeletra.org.br\/#\/schema\/logo\/image\/\"},\"sameAs\":[\"https:\/\/www.facebook.com\/FundacaoGolDeLetra\",\"https:\/\/www.instagram.com\/goldeletrabr\/\"]}]}<\/script>\n<!-- \/ Yoast SEO plugin. -->","yoast_head_json":{"title":"Plant\u00e3o de matr\u00edculas e estrat\u00e9gias de mobiliza\u00e7\u00e3o comunit\u00e1ria","robots":{"index":"index","follow":"follow","max-snippet":"max-snippet:-1","max-image-preview":"max-image-preview:large","max-video-preview":"max-video-preview:-1"},"canonical":"https:\/\/goldeletra.org.br\/fr\/plantao-de-matriculas-e-estrategias-de-mobilizacao-comunitaria\/","og_locale":"fr_FR","og_type":"article","og_title":"[:pt]Plant\u00e3o de matr\u00edculas e estrat\u00e9gias de mobiliza\u00e7\u00e3o comunit\u00e1ria[:] - Funda\u00e7\u00e3o Gol de Letra","og_description":"Escrito por Karina Avelar \u2013 Analista de Projetos A equipe do Rio saiu da rotina e desenvolveu um trabalho articulando Matr\u00edculas e Mobiliza\u00e7\u00e3o Comunit\u00e1ria no m\u00eas de mar\u00e7o!&nbsp; Em uma semana de a\u00e7\u00e3o do dia 20 a 24 de mar\u00e7o, a Funda\u00e7\u00e3o Gol de Letra Caju rompeu os muros e foi para a atua\u00e7\u00e3o direta [&hellip;]","og_url":"https:\/\/goldeletra.org.br\/fr\/plantao-de-matriculas-e-estrategias-de-mobilizacao-comunitaria\/","og_site_name":"Funda\u00e7\u00e3o Gol de Letra","article_publisher":"https:\/\/www.facebook.com\/FundacaoGolDeLetra","article_modified_time":"2023-05-03T15:39:02+00:00","twitter_card":"summary_large_image","twitter_misc":{"Dur\u00e9e de lecture estim\u00e9e":"3 minutes"},"schema":{"@context":"https:\/\/schema.org","@graph":[{"@type":"WebPage","@id":"https:\/\/goldeletra.org.br\/plantao-de-matriculas-e-estrategias-de-mobilizacao-comunitaria\/","url":"https:\/\/goldeletra.org.br\/plantao-de-matriculas-e-estrategias-de-mobilizacao-comunitaria\/","name":"Plant\u00e3o de matr\u00edculas e estrat\u00e9gias de mobiliza\u00e7\u00e3o comunit\u00e1ria","isPartOf":{"@id":"https:\/\/goldeletra.org.br\/#website"},"datePublished":"2023-05-03T15:38:08+00:00","dateModified":"2023-05-03T15:39:02+00:00","breadcrumb":{"@id":"https:\/\/goldeletra.org.br\/plantao-de-matriculas-e-estrategias-de-mobilizacao-comunitaria\/#breadcrumb"},"inLanguage":"fr","potentialAction":[{"@type":"ReadAction","target":["https:\/\/goldeletra.org.br\/plantao-de-matriculas-e-estrategias-de-mobilizacao-comunitaria\/"]}]},{"@type":"BreadcrumbList","@id":"https:\/\/goldeletra.org.br\/plantao-de-matriculas-e-estrategias-de-mobilizacao-comunitaria\/#breadcrumb","itemListElement":[{"@type":"ListItem","position":1,"name":"Home","item":"https:\/\/goldeletra.org.br\/"},{"@type":"ListItem","position":2,"name":"Plant\u00e3o de matr\u00edculas e estrat\u00e9gias de mobiliza\u00e7\u00e3o comunit\u00e1ria"}]},{"@type":"WebSite","@id":"https:\/\/goldeletra.org.br\/#website","url":"https:\/\/goldeletra.org.br\/","name":"Funda\u00e7\u00e3o Gol de Letra","description":"Organiza\u00e7\u00e3o sem fins lucrativos que contribui com a educa\u00e7\u00e3o de crian\u00e7as e jovens de comunidades populares para que tenham mais perspectivas de vida.","publisher":{"@id":"https:\/\/goldeletra.org.br\/#organization"},"potentialAction":[{"@type":"SearchAction","target":{"@type":"EntryPoint","urlTemplate":"https:\/\/goldeletra.org.br\/?s={search_term_string}"},"query-input":{"@type":"PropertyValueSpecification","valueRequired":true,"valueName":"search_term_string"}}],"inLanguage":"fr"},{"@type":"Organization","@id":"https:\/\/goldeletra.org.br\/#organization","name":"Funda\u00e7\u00e3o Gol de Letra","url":"https:\/\/goldeletra.org.br\/","logo":{"@type":"ImageObject","inLanguage":"fr","@id":"https:\/\/goldeletra.org.br\/#\/schema\/logo\/image\/","url":"https:\/\/goldeletra.org.br\/wp-content\/uploads\/2020\/01\/logo.svg","contentUrl":"https:\/\/goldeletra.org.br\/wp-content\/uploads\/2020\/01\/logo.svg","caption":"Funda\u00e7\u00e3o Gol de Letra"},"image":{"@id":"https:\/\/goldeletra.org.br\/#\/schema\/logo\/image\/"},"sameAs":["https:\/\/www.facebook.com\/FundacaoGolDeLetra","https:\/\/www.instagram.com\/goldeletrabr\/"]}]}},"_links":{"self":[{"href":"https:\/\/goldeletra.org.br\/fr\/wp-json\/wp\/v2\/pages\/4908","targetHints":{"allow":["GET"]}}],"collection":[{"href":"https:\/\/goldeletra.org.br\/fr\/wp-json\/wp\/v2\/pages"}],"about":[{"href":"https:\/\/goldeletra.org.br\/fr\/wp-json\/wp\/v2\/types\/page"}],"author":[{"embeddable":true,"href":"https:\/\/goldeletra.org.br\/fr\/wp-json\/wp\/v2\/users\/3"}],"replies":[{"embeddable":true,"href":"https:\/\/goldeletra.org.br\/fr\/wp-json\/wp\/v2\/comments?post=4908"}],"version-history":[{"count":3,"href":"https:\/\/goldeletra.org.br\/fr\/wp-json\/wp\/v2\/pages\/4908\/revisions"}],"predecessor-version":[{"id":4925,"href":"https:\/\/goldeletra.org.br\/fr\/wp-json\/wp\/v2\/pages\/4908\/revisions\/4925"}],"wp:attachment":[{"href":"https:\/\/goldeletra.org.br\/fr\/wp-json\/wp\/v2\/media?parent=4908"}],"curies":[{"name":"wp","href":"https:\/\/api.w.org\/{rel}","templated":true}]}}