{"id":256,"date":"2019-10-11T16:49:50","date_gmt":"2019-10-11T19:49:50","guid":{"rendered":"http:\/\/localhost\/GDL\/wordpress\/?post_type=timeline&#038;p=256"},"modified":"2020-12-04T11:41:24","modified_gmt":"2020-12-04T13:41:24","slug":"2001","status":"publish","type":"timeline","link":"https:\/\/goldeletra.org.br\/fr\/timeline\/2001\/","title":{"rendered":"2001"},"content":{"rendered":"\n<p> Developpement du projet \u00ab\u00a0Turma da Vila\u00a0\u00bb \u00e0 S\u00e3o Paulo. <\/p>\n\n\n\n<p> Inauguration du si\u00e8ge \u00e0 Nit\u00e9roi.<\/p>\n\n\n\n<p> L\u2019UNESCO reconnait la Fondation Gol de Letra comme mod\u00e8le d\u2019aide \u00e0 l\u2019enfant en situation de vuln\u00e9rabilit\u00e9 sociale.<\/p>\n\n\n\n<p> Publication du livre \u00ab\u00a0Cultivando Vida, Desarmando Viol\u00eancias\u2019\u00a0\u00bb (Cultivant la vie, D\u00e9sarmant la violence) \u00a0qui pr\u00e9sente l\u2019action de la Fondation. Prix des \u00c9ducateurs de l\u2019ann\u00e9e par l\u2019Acad\u00e9mie Br\u00e9silienne de l\u2019\u00c9ducation.<\/p>\n\n\n\n<p> Cr\u00e9ation en France de l\u2019Association Gol de Letra France qui fait la promotion des activit\u00e9s de la Fondation au Br\u00e9sil et soutient le financement des programmes via des partenariats et des \u00e9v\u00e8nements.<\/p>\n","protected":false},"featured_media":0,"template":"","class_list":["post-256","timeline","type-timeline","status-publish","hentry"],"yoast_head":"<!-- This site is optimized with the Yoast SEO plugin v26.6 - https:\/\/yoast.com\/wordpress\/plugins\/seo\/ -->\n<title>2001<\/title>\n<meta name=\"robots\" content=\"index, follow, max-snippet:-1, max-image-preview:large, max-video-preview:-1\" \/>\n<link rel=\"canonical\" href=\"https:\/\/goldeletra.org.br\/fr\/timeline\/2001\/\" \/>\n<meta property=\"og:locale\" content=\"fr_FR\" \/>\n<meta property=\"og:locale:alternate\" content=\"en_US\" \/>\n<meta property=\"og:locale:alternate\" content=\"pt_BR\" \/>\n<meta property=\"og:type\" content=\"article\" \/>\n<meta property=\"og:title\" content=\"2001\" \/>\n<meta property=\"og:description\" content=\"Developpement du projet \u00ab\u00a0Turma da Vila\u00a0\u00bb \u00e0 S\u00e3o Paulo. Inauguration du si\u00e8ge \u00e0 Nit\u00e9roi. L\u2019UNESCO reconnait la Fondation Gol de Letra comme mod\u00e8le d\u2019aide \u00e0 l\u2019enfant en situation de vuln\u00e9rabilit\u00e9 sociale. Publication du livre \u00ab\u00a0Cultivando Vida, Desarmando Viol\u00eancias\u2019\u00a0\u00bb (Cultivant la vie, D\u00e9sarmant la violence) \u00a0qui pr\u00e9sente l\u2019action de la Fondation. Prix des \u00c9ducateurs de l\u2019ann\u00e9e [&hellip;]\" \/>\n<meta property=\"og:url\" content=\"https:\/\/goldeletra.org.br\/fr\/timeline\/2001\/\" \/>\n<meta property=\"og:site_name\" content=\"Funda\u00e7\u00e3o Gol de Letra\" \/>\n<meta property=\"article:publisher\" content=\"https:\/\/www.facebook.com\/FundacaoGolDeLetra\" \/>\n<meta property=\"article:modified_time\" content=\"2020-12-04T13:41:24+00:00\" \/>\n<meta name=\"twitter:card\" content=\"summary_large_image\" \/>\n<meta name=\"twitter:label1\" content=\"Dur\u00e9e de lecture estim\u00e9e\" \/>\n\t<meta name=\"twitter:data1\" content=\"1 minute\" \/>\n<script type=\"application\/ld+json\" class=\"yoast-schema-graph\">{\"@context\":\"https:\/\/schema.org\",\"@graph\":[{\"@type\":\"WebPage\",\"@id\":\"https:\/\/goldeletra.org.br\/timeline\/2001\/\",\"url\":\"https:\/\/goldeletra.org.br\/timeline\/2001\/\",\"name\":\"2001\",\"isPartOf\":{\"@id\":\"https:\/\/goldeletra.org.br\/#website\"},\"datePublished\":\"2019-10-11T19:49:50+00:00\",\"dateModified\":\"2020-12-04T13:41:24+00:00\",\"breadcrumb\":{\"@id\":\"https:\/\/goldeletra.org.br\/timeline\/2001\/#breadcrumb\"},\"inLanguage\":\"fr\",\"potentialAction\":[{\"@type\":\"ReadAction\",\"target\":[\"https:\/\/goldeletra.org.br\/timeline\/2001\/\"]}]},{\"@type\":\"BreadcrumbList\",\"@id\":\"https:\/\/goldeletra.org.br\/timeline\/2001\/#breadcrumb\",\"itemListElement\":[{\"@type\":\"ListItem\",\"position\":1,\"name\":\"Home\",\"item\":\"https:\/\/goldeletra.org.br\/\"},{\"@type\":\"ListItem\",\"position\":2,\"name\":\"2001\"}]},{\"@type\":\"WebSite\",\"@id\":\"https:\/\/goldeletra.org.br\/#website\",\"url\":\"https:\/\/goldeletra.org.br\/\",\"name\":\"Funda\u00e7\u00e3o Gol de Letra\",\"description\":\"Organiza\u00e7\u00e3o sem fins lucrativos que contribui com a educa\u00e7\u00e3o de crian\u00e7as e jovens de comunidades populares para que tenham mais perspectivas de vida.\",\"publisher\":{\"@id\":\"https:\/\/goldeletra.org.br\/#organization\"},\"potentialAction\":[{\"@type\":\"SearchAction\",\"target\":{\"@type\":\"EntryPoint\",\"urlTemplate\":\"https:\/\/goldeletra.org.br\/?s={search_term_string}\"},\"query-input\":{\"@type\":\"PropertyValueSpecification\",\"valueRequired\":true,\"valueName\":\"search_term_string\"}}],\"inLanguage\":\"fr\"},{\"@type\":\"Organization\",\"@id\":\"https:\/\/goldeletra.org.br\/#organization\",\"name\":\"Funda\u00e7\u00e3o Gol de Letra\",\"url\":\"https:\/\/goldeletra.org.br\/\",\"logo\":{\"@type\":\"ImageObject\",\"inLanguage\":\"fr\",\"@id\":\"https:\/\/goldeletra.org.br\/#\/schema\/logo\/image\/\",\"url\":\"https:\/\/goldeletra.org.br\/wp-content\/uploads\/2020\/01\/logo.svg\",\"contentUrl\":\"https:\/\/goldeletra.org.br\/wp-content\/uploads\/2020\/01\/logo.svg\",\"caption\":\"Funda\u00e7\u00e3o Gol de Letra\"},\"image\":{\"@id\":\"https:\/\/goldeletra.org.br\/#\/schema\/logo\/image\/\"},\"sameAs\":[\"https:\/\/www.facebook.com\/FundacaoGolDeLetra\",\"https:\/\/www.instagram.com\/goldeletrabr\/\"]}]}<\/script>\n<!-- \/ Yoast SEO plugin. -->","yoast_head_json":{"title":"2001","robots":{"index":"index","follow":"follow","max-snippet":"max-snippet:-1","max-image-preview":"max-image-preview:large","max-video-preview":"max-video-preview:-1"},"canonical":"https:\/\/goldeletra.org.br\/fr\/timeline\/2001\/","og_locale":"fr_FR","og_type":"article","og_title":"[:en]2001[:pt]2001[:] - Funda\u00e7\u00e3o Gol de Letra","og_description":"Developpement du projet \u00ab\u00a0Turma da Vila\u00a0\u00bb \u00e0 S\u00e3o Paulo. Inauguration du si\u00e8ge \u00e0 Nit\u00e9roi. L\u2019UNESCO reconnait la Fondation Gol de Letra comme mod\u00e8le d\u2019aide \u00e0 l\u2019enfant en situation de vuln\u00e9rabilit\u00e9 sociale. Publication du livre \u00ab\u00a0Cultivando Vida, Desarmando Viol\u00eancias\u2019\u00a0\u00bb (Cultivant la vie, D\u00e9sarmant la violence) \u00a0qui pr\u00e9sente l\u2019action de la Fondation. Prix des \u00c9ducateurs de l\u2019ann\u00e9e [&hellip;]","og_url":"https:\/\/goldeletra.org.br\/fr\/timeline\/2001\/","og_site_name":"Funda\u00e7\u00e3o Gol de Letra","article_publisher":"https:\/\/www.facebook.com\/FundacaoGolDeLetra","article_modified_time":"2020-12-04T13:41:24+00:00","twitter_card":"summary_large_image","twitter_misc":{"Dur\u00e9e de lecture estim\u00e9e":"1 minute"},"schema":{"@context":"https:\/\/schema.org","@graph":[{"@type":"WebPage","@id":"https:\/\/goldeletra.org.br\/timeline\/2001\/","url":"https:\/\/goldeletra.org.br\/timeline\/2001\/","name":"2001","isPartOf":{"@id":"https:\/\/goldeletra.org.br\/#website"},"datePublished":"2019-10-11T19:49:50+00:00","dateModified":"2020-12-04T13:41:24+00:00","breadcrumb":{"@id":"https:\/\/goldeletra.org.br\/timeline\/2001\/#breadcrumb"},"inLanguage":"fr","potentialAction":[{"@type":"ReadAction","target":["https:\/\/goldeletra.org.br\/timeline\/2001\/"]}]},{"@type":"BreadcrumbList","@id":"https:\/\/goldeletra.org.br\/timeline\/2001\/#breadcrumb","itemListElement":[{"@type":"ListItem","position":1,"name":"Home","item":"https:\/\/goldeletra.org.br\/"},{"@type":"ListItem","position":2,"name":"2001"}]},{"@type":"WebSite","@id":"https:\/\/goldeletra.org.br\/#website","url":"https:\/\/goldeletra.org.br\/","name":"Funda\u00e7\u00e3o Gol de Letra","description":"Organiza\u00e7\u00e3o sem fins lucrativos que contribui com a educa\u00e7\u00e3o de crian\u00e7as e jovens de comunidades populares para que tenham mais perspectivas de vida.","publisher":{"@id":"https:\/\/goldeletra.org.br\/#organization"},"potentialAction":[{"@type":"SearchAction","target":{"@type":"EntryPoint","urlTemplate":"https:\/\/goldeletra.org.br\/?s={search_term_string}"},"query-input":{"@type":"PropertyValueSpecification","valueRequired":true,"valueName":"search_term_string"}}],"inLanguage":"fr"},{"@type":"Organization","@id":"https:\/\/goldeletra.org.br\/#organization","name":"Funda\u00e7\u00e3o Gol de Letra","url":"https:\/\/goldeletra.org.br\/","logo":{"@type":"ImageObject","inLanguage":"fr","@id":"https:\/\/goldeletra.org.br\/#\/schema\/logo\/image\/","url":"https:\/\/goldeletra.org.br\/wp-content\/uploads\/2020\/01\/logo.svg","contentUrl":"https:\/\/goldeletra.org.br\/wp-content\/uploads\/2020\/01\/logo.svg","caption":"Funda\u00e7\u00e3o Gol de Letra"},"image":{"@id":"https:\/\/goldeletra.org.br\/#\/schema\/logo\/image\/"},"sameAs":["https:\/\/www.facebook.com\/FundacaoGolDeLetra","https:\/\/www.instagram.com\/goldeletrabr\/"]}]}},"_links":{"self":[{"href":"https:\/\/goldeletra.org.br\/fr\/wp-json\/wp\/v2\/timeline\/256","targetHints":{"allow":["GET"]}}],"collection":[{"href":"https:\/\/goldeletra.org.br\/fr\/wp-json\/wp\/v2\/timeline"}],"about":[{"href":"https:\/\/goldeletra.org.br\/fr\/wp-json\/wp\/v2\/types\/timeline"}],"wp:attachment":[{"href":"https:\/\/goldeletra.org.br\/fr\/wp-json\/wp\/v2\/media?parent=256"}],"curies":[{"name":"wp","href":"https:\/\/api.w.org\/{rel}","templated":true}]}}