{"id":258,"date":"2019-10-11T16:58:33","date_gmt":"2019-10-11T19:58:33","guid":{"rendered":"http:\/\/localhost\/GDL\/wordpress\/?post_type=timeline&#038;p=258"},"modified":"2020-12-04T11:42:54","modified_gmt":"2020-12-04T13:42:54","slug":"2003","status":"publish","type":"timeline","link":"https:\/\/goldeletra.org.br\/fr\/timeline\/2003\/","title":{"rendered":"2003"},"content":{"rendered":"\n<p> Reconnaissance de la Fondation comme entit\u00e9 d\u2019utilit\u00e9 publique (Journal Officiel &#8211; Di\u00e1rio Oficial da Uni\u00e3o de 31\/1\/2003).<\/p>\n\n\n\n<p> Lancement du Programme de Formation d\u2019Agents Communautaires \u00e0 Niteroi, Rio de Janeiro.<\/p>\n","protected":false},"featured_media":0,"template":"","class_list":["post-258","timeline","type-timeline","status-publish","hentry"],"yoast_head":"<!-- This site is optimized with the Yoast SEO plugin v26.6 - https:\/\/yoast.com\/wordpress\/plugins\/seo\/ -->\n<title>2003<\/title>\n<meta name=\"robots\" content=\"index, follow, max-snippet:-1, max-image-preview:large, max-video-preview:-1\" \/>\n<link rel=\"canonical\" href=\"https:\/\/goldeletra.org.br\/fr\/timeline\/2003\/\" \/>\n<meta property=\"og:locale\" content=\"fr_FR\" \/>\n<meta property=\"og:locale:alternate\" content=\"en_US\" \/>\n<meta property=\"og:locale:alternate\" content=\"pt_BR\" \/>\n<meta property=\"og:type\" content=\"article\" \/>\n<meta property=\"og:title\" content=\"2003\" \/>\n<meta property=\"og:description\" content=\"Reconnaissance de la Fondation comme entit\u00e9 d\u2019utilit\u00e9 publique (Journal Officiel &#8211; Di\u00e1rio Oficial da Uni\u00e3o de 31\/1\/2003). Lancement du Programme de Formation d\u2019Agents Communautaires \u00e0 Niteroi, Rio de Janeiro.\" \/>\n<meta property=\"og:url\" content=\"https:\/\/goldeletra.org.br\/fr\/timeline\/2003\/\" \/>\n<meta property=\"og:site_name\" content=\"Funda\u00e7\u00e3o Gol de Letra\" \/>\n<meta property=\"article:publisher\" content=\"https:\/\/www.facebook.com\/FundacaoGolDeLetra\" \/>\n<meta property=\"article:modified_time\" content=\"2020-12-04T13:42:54+00:00\" \/>\n<meta name=\"twitter:card\" content=\"summary_large_image\" \/>\n<script type=\"application\/ld+json\" class=\"yoast-schema-graph\">{\"@context\":\"https:\/\/schema.org\",\"@graph\":[{\"@type\":\"WebPage\",\"@id\":\"https:\/\/goldeletra.org.br\/timeline\/2003\/\",\"url\":\"https:\/\/goldeletra.org.br\/timeline\/2003\/\",\"name\":\"2003\",\"isPartOf\":{\"@id\":\"https:\/\/goldeletra.org.br\/#website\"},\"datePublished\":\"2019-10-11T19:58:33+00:00\",\"dateModified\":\"2020-12-04T13:42:54+00:00\",\"breadcrumb\":{\"@id\":\"https:\/\/goldeletra.org.br\/timeline\/2003\/#breadcrumb\"},\"inLanguage\":\"fr\",\"potentialAction\":[{\"@type\":\"ReadAction\",\"target\":[\"https:\/\/goldeletra.org.br\/timeline\/2003\/\"]}]},{\"@type\":\"BreadcrumbList\",\"@id\":\"https:\/\/goldeletra.org.br\/timeline\/2003\/#breadcrumb\",\"itemListElement\":[{\"@type\":\"ListItem\",\"position\":1,\"name\":\"Home\",\"item\":\"https:\/\/goldeletra.org.br\/\"},{\"@type\":\"ListItem\",\"position\":2,\"name\":\"2003\"}]},{\"@type\":\"WebSite\",\"@id\":\"https:\/\/goldeletra.org.br\/#website\",\"url\":\"https:\/\/goldeletra.org.br\/\",\"name\":\"Funda\u00e7\u00e3o Gol de Letra\",\"description\":\"Organiza\u00e7\u00e3o sem fins lucrativos que contribui com a educa\u00e7\u00e3o de crian\u00e7as e jovens de comunidades populares para que tenham mais perspectivas de vida.\",\"publisher\":{\"@id\":\"https:\/\/goldeletra.org.br\/#organization\"},\"potentialAction\":[{\"@type\":\"SearchAction\",\"target\":{\"@type\":\"EntryPoint\",\"urlTemplate\":\"https:\/\/goldeletra.org.br\/?s={search_term_string}\"},\"query-input\":{\"@type\":\"PropertyValueSpecification\",\"valueRequired\":true,\"valueName\":\"search_term_string\"}}],\"inLanguage\":\"fr\"},{\"@type\":\"Organization\",\"@id\":\"https:\/\/goldeletra.org.br\/#organization\",\"name\":\"Funda\u00e7\u00e3o Gol de Letra\",\"url\":\"https:\/\/goldeletra.org.br\/\",\"logo\":{\"@type\":\"ImageObject\",\"inLanguage\":\"fr\",\"@id\":\"https:\/\/goldeletra.org.br\/#\/schema\/logo\/image\/\",\"url\":\"https:\/\/goldeletra.org.br\/wp-content\/uploads\/2020\/01\/logo.svg\",\"contentUrl\":\"https:\/\/goldeletra.org.br\/wp-content\/uploads\/2020\/01\/logo.svg\",\"caption\":\"Funda\u00e7\u00e3o Gol de Letra\"},\"image\":{\"@id\":\"https:\/\/goldeletra.org.br\/#\/schema\/logo\/image\/\"},\"sameAs\":[\"https:\/\/www.facebook.com\/FundacaoGolDeLetra\",\"https:\/\/www.instagram.com\/goldeletrabr\/\"]}]}<\/script>\n<!-- \/ Yoast SEO plugin. -->","yoast_head_json":{"title":"2003","robots":{"index":"index","follow":"follow","max-snippet":"max-snippet:-1","max-image-preview":"max-image-preview:large","max-video-preview":"max-video-preview:-1"},"canonical":"https:\/\/goldeletra.org.br\/fr\/timeline\/2003\/","og_locale":"fr_FR","og_type":"article","og_title":"[:en]2003[:pt]2003[:] - Funda\u00e7\u00e3o Gol de Letra","og_description":"Reconnaissance de la Fondation comme entit\u00e9 d\u2019utilit\u00e9 publique (Journal Officiel &#8211; Di\u00e1rio Oficial da Uni\u00e3o de 31\/1\/2003). Lancement du Programme de Formation d\u2019Agents Communautaires \u00e0 Niteroi, Rio de Janeiro.","og_url":"https:\/\/goldeletra.org.br\/fr\/timeline\/2003\/","og_site_name":"Funda\u00e7\u00e3o Gol de Letra","article_publisher":"https:\/\/www.facebook.com\/FundacaoGolDeLetra","article_modified_time":"2020-12-04T13:42:54+00:00","twitter_card":"summary_large_image","schema":{"@context":"https:\/\/schema.org","@graph":[{"@type":"WebPage","@id":"https:\/\/goldeletra.org.br\/timeline\/2003\/","url":"https:\/\/goldeletra.org.br\/timeline\/2003\/","name":"2003","isPartOf":{"@id":"https:\/\/goldeletra.org.br\/#website"},"datePublished":"2019-10-11T19:58:33+00:00","dateModified":"2020-12-04T13:42:54+00:00","breadcrumb":{"@id":"https:\/\/goldeletra.org.br\/timeline\/2003\/#breadcrumb"},"inLanguage":"fr","potentialAction":[{"@type":"ReadAction","target":["https:\/\/goldeletra.org.br\/timeline\/2003\/"]}]},{"@type":"BreadcrumbList","@id":"https:\/\/goldeletra.org.br\/timeline\/2003\/#breadcrumb","itemListElement":[{"@type":"ListItem","position":1,"name":"Home","item":"https:\/\/goldeletra.org.br\/"},{"@type":"ListItem","position":2,"name":"2003"}]},{"@type":"WebSite","@id":"https:\/\/goldeletra.org.br\/#website","url":"https:\/\/goldeletra.org.br\/","name":"Funda\u00e7\u00e3o Gol de Letra","description":"Organiza\u00e7\u00e3o sem fins lucrativos que contribui com a educa\u00e7\u00e3o de crian\u00e7as e jovens de comunidades populares para que tenham mais perspectivas de vida.","publisher":{"@id":"https:\/\/goldeletra.org.br\/#organization"},"potentialAction":[{"@type":"SearchAction","target":{"@type":"EntryPoint","urlTemplate":"https:\/\/goldeletra.org.br\/?s={search_term_string}"},"query-input":{"@type":"PropertyValueSpecification","valueRequired":true,"valueName":"search_term_string"}}],"inLanguage":"fr"},{"@type":"Organization","@id":"https:\/\/goldeletra.org.br\/#organization","name":"Funda\u00e7\u00e3o Gol de Letra","url":"https:\/\/goldeletra.org.br\/","logo":{"@type":"ImageObject","inLanguage":"fr","@id":"https:\/\/goldeletra.org.br\/#\/schema\/logo\/image\/","url":"https:\/\/goldeletra.org.br\/wp-content\/uploads\/2020\/01\/logo.svg","contentUrl":"https:\/\/goldeletra.org.br\/wp-content\/uploads\/2020\/01\/logo.svg","caption":"Funda\u00e7\u00e3o Gol de Letra"},"image":{"@id":"https:\/\/goldeletra.org.br\/#\/schema\/logo\/image\/"},"sameAs":["https:\/\/www.facebook.com\/FundacaoGolDeLetra","https:\/\/www.instagram.com\/goldeletrabr\/"]}]}},"_links":{"self":[{"href":"https:\/\/goldeletra.org.br\/fr\/wp-json\/wp\/v2\/timeline\/258","targetHints":{"allow":["GET"]}}],"collection":[{"href":"https:\/\/goldeletra.org.br\/fr\/wp-json\/wp\/v2\/timeline"}],"about":[{"href":"https:\/\/goldeletra.org.br\/fr\/wp-json\/wp\/v2\/types\/timeline"}],"wp:attachment":[{"href":"https:\/\/goldeletra.org.br\/fr\/wp-json\/wp\/v2\/media?parent=258"}],"curies":[{"name":"wp","href":"https:\/\/api.w.org\/{rel}","templated":true}]}}